{"id":7993,"date":"2025-09-13T15:47:07","date_gmt":"2025-09-13T15:47:07","guid":{"rendered":"https:\/\/www.benediktiner-kollegium.ch\/?page_id=7993"},"modified":"2026-08-01T09:18:07","modified_gmt":"2026-08-01T09:18:07","slug":"aktuelles-1","status":"publish","type":"page","link":"https:\/\/www.benediktiner-kollegium.ch\/?page_id=7993","title":{"rendered":""},"content":{"rendered":"\t\t<div data-elementor-type=\"wp-page\" data-elementor-id=\"7993\" class=\"elementor elementor-7993\" data-elementor-post-type=\"page\">\n\t\t\t\t<div class=\"elementor-element elementor-element-5d26414 e-flex e-con-boxed e-con e-parent\" data-id=\"5d26414\" data-element_type=\"container\" data-e-type=\"container\" data-settings=\"{&quot;background_background&quot;:&quot;classic&quot;}\">\n\t\t\t\t\t<div class=\"e-con-inner\">\n\t\t\t\t<div class=\"elementor-element elementor-element-bb550e6 elementor-widget elementor-widget-heading\" data-id=\"bb550e6\" data-element_type=\"widget\" data-e-type=\"widget\" data-widget_type=\"heading.default\">\n\t\t\t\t\t<h2 class=\"elementor-heading-title elementor-size-default\">Aktuelles<\/h2>\t\t\t\t<\/div>\n\t\t\t\t\t<\/div>\n\t\t\t\t<\/div>\n\t\t\t\t<section class=\"elementor-section elementor-top-section elementor-element elementor-element-9e7e042 elementor-section-boxed elementor-section-height-default elementor-section-height-default\" data-id=\"9e7e042\" data-element_type=\"section\" data-e-type=\"section\" data-settings=\"{&quot;background_background&quot;:&quot;classic&quot;}\">\n\t\t\t\t\t\t<div class=\"elementor-container elementor-column-gap-default\">\n\t\t\t\t\t<div class=\"elementor-column elementor-col-100 elementor-top-column elementor-element elementor-element-87c19cf\" data-id=\"87c19cf\" data-element_type=\"column\" data-e-type=\"column\">\n\t\t\t<div class=\"elementor-widget-wrap elementor-element-populated\">\n\t\t\t\t\t\t<div class=\"elementor-element elementor-element-fa8085d elementor-widget elementor-widget-heading\" data-id=\"fa8085d\" data-element_type=\"widget\" data-e-type=\"widget\" data-widget_type=\"heading.default\">\n\t\t\t\t\t<h2 class=\"elementor-heading-title elementor-size-default\">Juli 2026<br> Bilder vom renovierten Schl\u00f6ssli <\/h2>\t\t\t\t<\/div>\n\t\t\t\t<section class=\"elementor-section elementor-inner-section elementor-element elementor-element-05eed52 elementor-section-boxed elementor-section-height-default elementor-section-height-default\" data-id=\"05eed52\" data-element_type=\"section\" data-e-type=\"section\">\n\t\t\t\t\t\t<div class=\"elementor-container elementor-column-gap-default\">\n\t\t\t\t\t<div class=\"elementor-column elementor-col-50 elementor-inner-column elementor-element elementor-element-3c0a35a\" data-id=\"3c0a35a\" data-element_type=\"column\" data-e-type=\"column\">\n\t\t\t<div class=\"elementor-widget-wrap elementor-element-populated\">\n\t\t\t\t\t\t<div class=\"elementor-element elementor-element-fde3f77 elementor-widget elementor-widget-image\" data-id=\"fde3f77\" data-element_type=\"widget\" data-e-type=\"widget\" data-widget_type=\"image.default\">\n\t\t\t\t\t\t\t\t\t\t\t\t\t\t\t<img fetchpriority=\"high\" decoding=\"async\" width=\"768\" height=\"576\" src=\"https:\/\/www.benediktiner-kollegium.ch\/wp-content\/uploads\/2026\/05\/20260501_172518-768x576.jpg\" class=\"attachment-medium_large size-medium_large wp-image-8497\" alt=\"\" srcset=\"https:\/\/www.benediktiner-kollegium.ch\/wp-content\/uploads\/2026\/05\/20260501_172518-768x576.jpg 768w, https:\/\/www.benediktiner-kollegium.ch\/wp-content\/uploads\/2026\/05\/20260501_172518-300x225.jpg 300w, https:\/\/www.benediktiner-kollegium.ch\/wp-content\/uploads\/2026\/05\/20260501_172518-1024x768.jpg 1024w, https:\/\/www.benediktiner-kollegium.ch\/wp-content\/uploads\/2026\/05\/20260501_172518-1536x1152.jpg 1536w, https:\/\/www.benediktiner-kollegium.ch\/wp-content\/uploads\/2026\/05\/20260501_172518-2048x1536.jpg 2048w\" sizes=\"(max-width: 768px) 100vw, 768px\" \/>\t\t\t\t\t\t\t\t\t\t\t\t\t\t\t<\/div>\n\t\t\t\t\t<\/div>\n\t\t<\/div>\n\t\t\t\t<div class=\"elementor-column elementor-col-50 elementor-inner-column elementor-element elementor-element-b2a5081\" data-id=\"b2a5081\" data-element_type=\"column\" data-e-type=\"column\">\n\t\t\t<div class=\"elementor-widget-wrap elementor-element-populated\">\n\t\t\t\t\t\t<div class=\"elementor-element elementor-element-e77cecc elementor-widget elementor-widget-image\" data-id=\"e77cecc\" data-element_type=\"widget\" data-e-type=\"widget\" data-widget_type=\"image.default\">\n\t\t\t\t\t\t\t\t\t\t\t\t\t\t\t<img decoding=\"async\" width=\"1024\" height=\"768\" src=\"https:\/\/www.benediktiner-kollegium.ch\/wp-content\/uploads\/2026\/08\/Bild-1-1024x768.jpg\" class=\"attachment-large size-large wp-image-8543\" alt=\"\" srcset=\"https:\/\/www.benediktiner-kollegium.ch\/wp-content\/uploads\/2026\/08\/Bild-1-1024x768.jpg 1024w, https:\/\/www.benediktiner-kollegium.ch\/wp-content\/uploads\/2026\/08\/Bild-1-300x225.jpg 300w, https:\/\/www.benediktiner-kollegium.ch\/wp-content\/uploads\/2026\/08\/Bild-1-768x576.jpg 768w, https:\/\/www.benediktiner-kollegium.ch\/wp-content\/uploads\/2026\/08\/Bild-1-1536x1152.jpg 1536w, https:\/\/www.benediktiner-kollegium.ch\/wp-content\/uploads\/2026\/08\/Bild-1-2048x1536.jpg 2048w\" sizes=\"(max-width: 1024px) 100vw, 1024px\" \/>\t\t\t\t\t\t\t\t\t\t\t\t\t\t\t<\/div>\n\t\t\t\t\t<\/div>\n\t\t<\/div>\n\t\t\t\t\t<\/div>\n\t\t<\/section>\n\t\t\t\t<section class=\"elementor-section elementor-inner-section elementor-element elementor-element-89ce087 elementor-section-boxed elementor-section-height-default elementor-section-height-default\" data-id=\"89ce087\" data-element_type=\"section\" data-e-type=\"section\">\n\t\t\t\t\t\t<div class=\"elementor-container elementor-column-gap-default\">\n\t\t\t\t\t<div class=\"elementor-column elementor-col-50 elementor-inner-column elementor-element elementor-element-9406a0a\" data-id=\"9406a0a\" data-element_type=\"column\" data-e-type=\"column\">\n\t\t\t<div class=\"elementor-widget-wrap elementor-element-populated\">\n\t\t\t\t\t\t<div class=\"elementor-element elementor-element-488c8eb elementor-widget elementor-widget-image\" data-id=\"488c8eb\" data-element_type=\"widget\" data-e-type=\"widget\" data-widget_type=\"image.default\">\n\t\t\t\t\t\t\t\t\t\t\t\t\t\t\t<img decoding=\"async\" width=\"768\" height=\"576\" src=\"https:\/\/www.benediktiner-kollegium.ch\/wp-content\/uploads\/2026\/08\/Bild-4-768x576.jpg\" class=\"attachment-medium_large size-medium_large wp-image-8547\" alt=\"\" srcset=\"https:\/\/www.benediktiner-kollegium.ch\/wp-content\/uploads\/2026\/08\/Bild-4-768x576.jpg 768w, https:\/\/www.benediktiner-kollegium.ch\/wp-content\/uploads\/2026\/08\/Bild-4-300x225.jpg 300w, https:\/\/www.benediktiner-kollegium.ch\/wp-content\/uploads\/2026\/08\/Bild-4-1024x768.jpg 1024w, https:\/\/www.benediktiner-kollegium.ch\/wp-content\/uploads\/2026\/08\/Bild-4-1536x1152.jpg 1536w, https:\/\/www.benediktiner-kollegium.ch\/wp-content\/uploads\/2026\/08\/Bild-4-2048x1536.jpg 2048w\" sizes=\"(max-width: 768px) 100vw, 768px\" \/>\t\t\t\t\t\t\t\t\t\t\t\t\t\t\t<\/div>\n\t\t\t\t\t<\/div>\n\t\t<\/div>\n\t\t\t\t<div class=\"elementor-column elementor-col-50 elementor-inner-column elementor-element elementor-element-e1ed79d\" data-id=\"e1ed79d\" data-element_type=\"column\" data-e-type=\"column\">\n\t\t\t<div class=\"elementor-widget-wrap elementor-element-populated\">\n\t\t\t\t\t\t<div class=\"elementor-element elementor-element-f7781e1 elementor-widget elementor-widget-image\" data-id=\"f7781e1\" data-element_type=\"widget\" data-e-type=\"widget\" data-widget_type=\"image.default\">\n\t\t\t\t\t\t\t\t\t\t\t\t\t\t\t<img loading=\"lazy\" decoding=\"async\" width=\"1024\" height=\"768\" src=\"https:\/\/www.benediktiner-kollegium.ch\/wp-content\/uploads\/2026\/08\/Bild-3-1024x768.jpg\" class=\"attachment-large size-large wp-image-8545\" alt=\"\" srcset=\"https:\/\/www.benediktiner-kollegium.ch\/wp-content\/uploads\/2026\/08\/Bild-3-1024x768.jpg 1024w, https:\/\/www.benediktiner-kollegium.ch\/wp-content\/uploads\/2026\/08\/Bild-3-300x225.jpg 300w, https:\/\/www.benediktiner-kollegium.ch\/wp-content\/uploads\/2026\/08\/Bild-3-768x576.jpg 768w, https:\/\/www.benediktiner-kollegium.ch\/wp-content\/uploads\/2026\/08\/Bild-3-1536x1152.jpg 1536w, https:\/\/www.benediktiner-kollegium.ch\/wp-content\/uploads\/2026\/08\/Bild-3-2048x1536.jpg 2048w\" sizes=\"(max-width: 1024px) 100vw, 1024px\" \/>\t\t\t\t\t\t\t\t\t\t\t\t\t\t\t<\/div>\n\t\t\t\t\t<\/div>\n\t\t<\/div>\n\t\t\t\t\t<\/div>\n\t\t<\/section>\n\t\t\t\t<section class=\"elementor-section elementor-inner-section elementor-element elementor-element-6e95744 elementor-section-boxed elementor-section-height-default elementor-section-height-default\" data-id=\"6e95744\" data-element_type=\"section\" data-e-type=\"section\">\n\t\t\t\t\t\t<div class=\"elementor-container elementor-column-gap-default\">\n\t\t\t\t\t<div class=\"elementor-column elementor-col-50 elementor-inner-column elementor-element elementor-element-54d509e\" data-id=\"54d509e\" data-element_type=\"column\" data-e-type=\"column\">\n\t\t\t<div class=\"elementor-widget-wrap elementor-element-populated\">\n\t\t\t\t\t\t<div class=\"elementor-element elementor-element-0d64d38 elementor-widget elementor-widget-image\" data-id=\"0d64d38\" data-element_type=\"widget\" data-e-type=\"widget\" data-widget_type=\"image.default\">\n\t\t\t\t\t\t\t\t\t\t\t\t\t\t\t<img loading=\"lazy\" decoding=\"async\" width=\"768\" height=\"576\" src=\"https:\/\/www.benediktiner-kollegium.ch\/wp-content\/uploads\/2026\/08\/Bild-5-768x576.jpg\" class=\"attachment-medium_large size-medium_large wp-image-8542\" alt=\"\" srcset=\"https:\/\/www.benediktiner-kollegium.ch\/wp-content\/uploads\/2026\/08\/Bild-5-768x576.jpg 768w, https:\/\/www.benediktiner-kollegium.ch\/wp-content\/uploads\/2026\/08\/Bild-5-300x225.jpg 300w, https:\/\/www.benediktiner-kollegium.ch\/wp-content\/uploads\/2026\/08\/Bild-5-1024x768.jpg 1024w, https:\/\/www.benediktiner-kollegium.ch\/wp-content\/uploads\/2026\/08\/Bild-5-1536x1152.jpg 1536w, https:\/\/www.benediktiner-kollegium.ch\/wp-content\/uploads\/2026\/08\/Bild-5-2048x1536.jpg 2048w\" sizes=\"(max-width: 768px) 100vw, 768px\" \/>\t\t\t\t\t\t\t\t\t\t\t\t\t\t\t<\/div>\n\t\t\t\t\t<\/div>\n\t\t<\/div>\n\t\t\t\t<div class=\"elementor-column elementor-col-50 elementor-inner-column elementor-element elementor-element-c246d5f\" data-id=\"c246d5f\" data-element_type=\"column\" data-e-type=\"column\">\n\t\t\t<div class=\"elementor-widget-wrap elementor-element-populated\">\n\t\t\t\t\t\t<div class=\"elementor-element elementor-element-6b9782a elementor-widget elementor-widget-image\" data-id=\"6b9782a\" data-element_type=\"widget\" data-e-type=\"widget\" data-widget_type=\"image.default\">\n\t\t\t\t\t\t\t\t\t\t\t\t\t\t\t<img loading=\"lazy\" decoding=\"async\" width=\"1024\" height=\"768\" src=\"https:\/\/www.benediktiner-kollegium.ch\/wp-content\/uploads\/2026\/08\/Bild-6-1024x768.jpg\" class=\"attachment-large size-large wp-image-8546\" alt=\"\" srcset=\"https:\/\/www.benediktiner-kollegium.ch\/wp-content\/uploads\/2026\/08\/Bild-6-1024x768.jpg 1024w, https:\/\/www.benediktiner-kollegium.ch\/wp-content\/uploads\/2026\/08\/Bild-6-300x225.jpg 300w, https:\/\/www.benediktiner-kollegium.ch\/wp-content\/uploads\/2026\/08\/Bild-6-768x576.jpg 768w, https:\/\/www.benediktiner-kollegium.ch\/wp-content\/uploads\/2026\/08\/Bild-6-1536x1152.jpg 1536w, https:\/\/www.benediktiner-kollegium.ch\/wp-content\/uploads\/2026\/08\/Bild-6-2048x1536.jpg 2048w\" sizes=\"(max-width: 1024px) 100vw, 1024px\" \/>\t\t\t\t\t\t\t\t\t\t\t\t\t\t\t<\/div>\n\t\t\t\t\t<\/div>\n\t\t<\/div>\n\t\t\t\t\t<\/div>\n\t\t<\/section>\n\t\t\t\t\t<\/div>\n\t\t<\/div>\n\t\t\t\t\t<\/div>\n\t\t<\/section>\n\t\t\t\t<section class=\"elementor-section elementor-top-section elementor-element elementor-element-38de5a7 elementor-section-boxed elementor-section-height-default elementor-section-height-default\" data-id=\"38de5a7\" data-element_type=\"section\" data-e-type=\"section\" data-settings=\"{&quot;background_background&quot;:&quot;classic&quot;}\">\n\t\t\t\t\t\t<div class=\"elementor-container elementor-column-gap-default\">\n\t\t\t\t\t<div class=\"elementor-column elementor-col-100 elementor-top-column elementor-element elementor-element-f97527b\" data-id=\"f97527b\" data-element_type=\"column\" data-e-type=\"column\">\n\t\t\t<div class=\"elementor-widget-wrap elementor-element-populated\">\n\t\t\t\t\t\t<div class=\"elementor-element elementor-element-794b523 elementor-widget elementor-widget-heading\" data-id=\"794b523\" data-element_type=\"widget\" data-e-type=\"widget\" data-widget_type=\"heading.default\">\n\t\t\t\t\t<h2 class=\"elementor-heading-title elementor-size-default\">August - Oktober 2026<br> Fassadensanierung Professorenheim<\/h2>\t\t\t\t<\/div>\n\t\t\t\t<section class=\"elementor-section elementor-inner-section elementor-element elementor-element-a083758 elementor-section-boxed elementor-section-height-default elementor-section-height-default\" data-id=\"a083758\" data-element_type=\"section\" data-e-type=\"section\">\n\t\t\t\t\t\t<div class=\"elementor-container elementor-column-gap-default\">\n\t\t\t\t\t<div class=\"elementor-column elementor-col-50 elementor-inner-column elementor-element elementor-element-4b4190c\" data-id=\"4b4190c\" data-element_type=\"column\" data-e-type=\"column\">\n\t\t\t<div class=\"elementor-widget-wrap elementor-element-populated\">\n\t\t\t\t\t\t<div class=\"elementor-element elementor-element-6f5be7b elementor-widget elementor-widget-image\" data-id=\"6f5be7b\" data-element_type=\"widget\" data-e-type=\"widget\" data-widget_type=\"image.default\">\n\t\t\t\t\t\t\t\t\t\t\t\t\t\t\t<img loading=\"lazy\" decoding=\"async\" width=\"768\" height=\"576\" src=\"https:\/\/www.benediktiner-kollegium.ch\/wp-content\/uploads\/2026\/08\/20260722_182010-768x576.jpg\" class=\"attachment-medium_large size-medium_large wp-image-8554\" alt=\"\" srcset=\"https:\/\/www.benediktiner-kollegium.ch\/wp-content\/uploads\/2026\/08\/20260722_182010-768x576.jpg 768w, https:\/\/www.benediktiner-kollegium.ch\/wp-content\/uploads\/2026\/08\/20260722_182010-300x225.jpg 300w, https:\/\/www.benediktiner-kollegium.ch\/wp-content\/uploads\/2026\/08\/20260722_182010-1024x768.jpg 1024w, https:\/\/www.benediktiner-kollegium.ch\/wp-content\/uploads\/2026\/08\/20260722_182010-1536x1152.jpg 1536w, https:\/\/www.benediktiner-kollegium.ch\/wp-content\/uploads\/2026\/08\/20260722_182010-2048x1536.jpg 2048w\" sizes=\"(max-width: 768px) 100vw, 768px\" \/>\t\t\t\t\t\t\t\t\t\t\t\t\t\t\t<\/div>\n\t\t\t\t\t<\/div>\n\t\t<\/div>\n\t\t\t\t<div class=\"elementor-column elementor-col-50 elementor-inner-column elementor-element elementor-element-829093f\" data-id=\"829093f\" data-element_type=\"column\" data-e-type=\"column\">\n\t\t\t<div class=\"elementor-widget-wrap elementor-element-populated\">\n\t\t\t\t\t\t<div class=\"elementor-element elementor-element-368585f elementor-widget elementor-widget-image\" data-id=\"368585f\" data-element_type=\"widget\" data-e-type=\"widget\" data-widget_type=\"image.default\">\n\t\t\t\t\t\t\t\t\t\t\t\t\t\t\t<img loading=\"lazy\" decoding=\"async\" width=\"1024\" height=\"768\" src=\"https:\/\/www.benediktiner-kollegium.ch\/wp-content\/uploads\/2026\/08\/20260724_080116-1024x768.jpg\" class=\"attachment-large size-large wp-image-8555\" alt=\"\" srcset=\"https:\/\/www.benediktiner-kollegium.ch\/wp-content\/uploads\/2026\/08\/20260724_080116-1024x768.jpg 1024w, https:\/\/www.benediktiner-kollegium.ch\/wp-content\/uploads\/2026\/08\/20260724_080116-300x225.jpg 300w, https:\/\/www.benediktiner-kollegium.ch\/wp-content\/uploads\/2026\/08\/20260724_080116-768x576.jpg 768w, https:\/\/www.benediktiner-kollegium.ch\/wp-content\/uploads\/2026\/08\/20260724_080116-1536x1152.jpg 1536w, https:\/\/www.benediktiner-kollegium.ch\/wp-content\/uploads\/2026\/08\/20260724_080116-2048x1536.jpg 2048w\" sizes=\"(max-width: 1024px) 100vw, 1024px\" \/>\t\t\t\t\t\t\t\t\t\t\t\t\t\t\t<\/div>\n\t\t\t\t\t<\/div>\n\t\t<\/div>\n\t\t\t\t\t<\/div>\n\t\t<\/section>\n\t\t\t\t\t<\/div>\n\t\t<\/div>\n\t\t\t\t\t<\/div>\n\t\t<\/section>\n\t\t\t\t<section class=\"elementor-section elementor-top-section elementor-element elementor-element-9f96099 elementor-section-boxed elementor-section-height-default elementor-section-height-default\" data-id=\"9f96099\" data-element_type=\"section\" data-e-type=\"section\" data-settings=\"{&quot;background_background&quot;:&quot;classic&quot;}\">\n\t\t\t\t\t\t<div class=\"elementor-container elementor-column-gap-default\">\n\t\t\t\t\t<div class=\"elementor-column elementor-col-100 elementor-top-column elementor-element elementor-element-c1f4f57\" data-id=\"c1f4f57\" data-element_type=\"column\" data-e-type=\"column\">\n\t\t\t<div class=\"elementor-widget-wrap elementor-element-populated\">\n\t\t\t\t\t\t<div class=\"elementor-element elementor-element-d6dac0a elementor-widget elementor-widget-heading\" data-id=\"d6dac0a\" data-element_type=\"widget\" data-e-type=\"widget\" data-widget_type=\"heading.default\">\n\t\t\t\t\t<h2 class=\"elementor-heading-title elementor-size-default\">3. - 4. August 2026<br> Tschechische Pilgergruppe<br>aus der Fokolarbewegung<br>\nmit Eucharistiefeier<\/h2>\t\t\t\t<\/div>\n\t\t\t\t\t<\/div>\n\t\t<\/div>\n\t\t\t\t\t<\/div>\n\t\t<\/section>\n\t\t\t\t<section class=\"elementor-section elementor-top-section elementor-element elementor-element-12d4666 elementor-section-boxed elementor-section-height-default elementor-section-height-default\" data-id=\"12d4666\" data-element_type=\"section\" data-e-type=\"section\" data-settings=\"{&quot;background_background&quot;:&quot;classic&quot;}\">\n\t\t\t\t\t\t<div class=\"elementor-container elementor-column-gap-default\">\n\t\t\t\t\t<div class=\"elementor-column elementor-col-100 elementor-top-column elementor-element elementor-element-6c7883e\" data-id=\"6c7883e\" data-element_type=\"column\" data-e-type=\"column\">\n\t\t\t<div class=\"elementor-widget-wrap elementor-element-populated\">\n\t\t\t\t\t\t<div class=\"elementor-element elementor-element-2d29cb8 elementor-widget elementor-widget-heading\" data-id=\"2d29cb8\" data-element_type=\"widget\" data-e-type=\"widget\" data-widget_type=\"heading.default\">\n\t\t\t\t\t<h2 class=\"elementor-heading-title elementor-size-default\">45 Jahre Matura<br> 14. November 2026<br><\/h2>\t\t\t\t<\/div>\n\t\t\t\t<div class=\"elementor-element elementor-element-ba3852b elementor-widget elementor-widget-image\" data-id=\"ba3852b\" data-element_type=\"widget\" data-e-type=\"widget\" data-widget_type=\"image.default\">\n\t\t\t\t\t\t\t\t\t\t\t\t\t\t\t<img loading=\"lazy\" decoding=\"async\" width=\"519\" height=\"603\" src=\"https:\/\/www.benediktiner-kollegium.ch\/wp-content\/uploads\/2026\/04\/Matura-1981.png\" class=\"attachment-large size-large wp-image-8485\" alt=\"\" srcset=\"https:\/\/www.benediktiner-kollegium.ch\/wp-content\/uploads\/2026\/04\/Matura-1981.png 519w, https:\/\/www.benediktiner-kollegium.ch\/wp-content\/uploads\/2026\/04\/Matura-1981-258x300.png 258w\" sizes=\"(max-width: 519px) 100vw, 519px\" \/>\t\t\t\t\t\t\t\t\t\t\t\t\t\t\t<\/div>\n\t\t\t\t\t<\/div>\n\t\t<\/div>\n\t\t\t\t\t<\/div>\n\t\t<\/section>\n\t\t<div class=\"elementor-element elementor-element-d2f974d e-flex e-con-boxed e-con e-parent\" data-id=\"d2f974d\" data-element_type=\"container\" data-e-type=\"container\" data-settings=\"{&quot;background_background&quot;:&quot;gradient&quot;}\">\n\t\t\t\t\t<div class=\"e-con-inner\">\n\t\t\t\t<div class=\"elementor-element elementor-element-365d18f elementor-widget elementor-widget-heading\" data-id=\"365d18f\" data-element_type=\"widget\" data-e-type=\"widget\" data-widget_type=\"heading.default\">\n\t\t\t\t\t<h2 class=\"elementor-heading-title elementor-size-default\">15. November 2026<br>\nJubil\u00e4umskonzert <br>75 Jahre Obwaldner Trachtench\u00f6rli<\/h2>\t\t\t\t<\/div>\n\t\t\t\t<div class=\"elementor-element elementor-element-8893355 elementor-widget elementor-widget-heading\" data-id=\"8893355\" data-element_type=\"widget\" data-e-type=\"widget\" data-widget_type=\"heading.default\">\n\t\t\t\t\t<h2 class=\"elementor-heading-title elementor-size-default\">Kollegikirche Sarnen, 14.00 Uhr<\/h2>\t\t\t\t<\/div>\n\t\t\t\t<div class=\"elementor-element elementor-element-f937c8c elementor-widget elementor-widget-heading\" data-id=\"f937c8c\" data-element_type=\"widget\" data-e-type=\"widget\" data-widget_type=\"heading.default\">\n\t\t\t\t\t<h2 class=\"elementor-heading-title elementor-size-default\">Organisator: Reto Bucher<\/h2>\t\t\t\t<\/div>\n\t\t\t\t\t<\/div>\n\t\t\t\t<\/div>\n\t\t<div class=\"elementor-element elementor-element-c821324 e-flex e-con-boxed e-con e-parent\" data-id=\"c821324\" data-element_type=\"container\" data-e-type=\"container\" data-settings=\"{&quot;background_background&quot;:&quot;classic&quot;}\">\n\t\t\t\t\t<div class=\"e-con-inner\">\n\t\t\t\t<div class=\"elementor-element elementor-element-c7477d2 elementor-widget elementor-widget-heading\" data-id=\"c7477d2\" data-element_type=\"widget\" data-e-type=\"widget\" data-widget_type=\"heading.default\">\n\t\t\t\t\t<h2 class=\"elementor-heading-title elementor-size-default\">6. Dezember 2026<br>\nBenefizkonzert f\u00fcr krebskranke Kinder<\/h2>\t\t\t\t<\/div>\n\t\t\t\t<div class=\"elementor-element elementor-element-9e72902 elementor-widget elementor-widget-heading\" data-id=\"9e72902\" data-element_type=\"widget\" data-e-type=\"widget\" data-widget_type=\"heading.default\">\n\t\t\t\t\t<h2 class=\"elementor-heading-title elementor-size-default\">Kollegikirche Sarnen, 15.00 Uhr<\/h2>\t\t\t\t<\/div>\n\t\t\t\t<div class=\"elementor-element elementor-element-bd74180 elementor-widget elementor-widget-heading\" data-id=\"bd74180\" data-element_type=\"widget\" data-e-type=\"widget\" data-widget_type=\"heading.default\">\n\t\t\t\t\t<h2 class=\"elementor-heading-title elementor-size-default\">Organisatorin: Silvia Windlin<\/h2>\t\t\t\t<\/div>\n\t\t\t\t\t<\/div>\n\t\t\t\t<\/div>\n\t\t\t\t<section class=\"elementor-section elementor-top-section elementor-element elementor-element-c8a9a0a elementor-section-boxed elementor-section-height-default elementor-section-height-default\" data-id=\"c8a9a0a\" data-element_type=\"section\" data-e-type=\"section\" data-settings=\"{&quot;background_background&quot;:&quot;gradient&quot;}\">\n\t\t\t\t\t\t<div class=\"elementor-container elementor-column-gap-default\">\n\t\t\t\t\t<div class=\"elementor-column elementor-col-100 elementor-top-column elementor-element elementor-element-8b9bdeb\" data-id=\"8b9bdeb\" data-element_type=\"column\" data-e-type=\"column\">\n\t\t\t<div class=\"elementor-widget-wrap elementor-element-populated\">\n\t\t\t\t\t\t<div class=\"elementor-element elementor-element-f01f633 elementor-widget elementor-widget-heading\" data-id=\"f01f633\" data-element_type=\"widget\" data-e-type=\"widget\" data-widget_type=\"heading.default\">\n\t\t\t\t\t<h2 class=\"elementor-heading-title elementor-size-default\">Adventfeier Subsilvania<\/h2>\t\t\t\t<\/div>\n\t\t\t\t<div class=\"elementor-element elementor-element-d77142d elementor-widget elementor-widget-heading\" data-id=\"d77142d\" data-element_type=\"widget\" data-e-type=\"widget\" data-widget_type=\"heading.default\">\n\t\t\t\t\t<h2 class=\"elementor-heading-title elementor-size-default\">11. Dezember 2025<\/h2>\t\t\t\t<\/div>\n\t\t\t\t<section class=\"elementor-section elementor-inner-section elementor-element elementor-element-b670aaa elementor-section-boxed elementor-section-height-default elementor-section-height-default\" data-id=\"b670aaa\" data-element_type=\"section\" data-e-type=\"section\">\n\t\t\t\t\t\t<div class=\"elementor-container elementor-column-gap-default\">\n\t\t\t\t\t<div class=\"elementor-column elementor-col-50 elementor-inner-column elementor-element elementor-element-08148cd\" data-id=\"08148cd\" data-element_type=\"column\" data-e-type=\"column\">\n\t\t\t<div class=\"elementor-widget-wrap elementor-element-populated\">\n\t\t\t\t\t\t<div class=\"elementor-element elementor-element-22912c7 elementor-widget elementor-widget-text-editor\" data-id=\"22912c7\" data-element_type=\"widget\" data-e-type=\"widget\" data-widget_type=\"text-editor.default\">\n\t\t\t\t\t\t\t\t\t<p><strong>Die diesj\u00e4hrige Adventfeier der Subsilvania findet am kommenden Freitag, den 11. Dezember 2025 statt:<\/strong><\/p><p><strong>19.00 Adventsandacht in der Kollegikirche (P. Benedikt Staubli)<\/strong><\/p><p><strong>anschliessend Zusammensein im Tafelzimmer des Kollegiums\u00a0<\/strong><\/p>\t\t\t\t\t\t\t\t<\/div>\n\t\t\t\t<div class=\"elementor-element elementor-element-2317b01 elementor-align-center elementor-widget elementor-widget-button\" data-id=\"2317b01\" data-element_type=\"widget\" data-e-type=\"widget\" data-widget_type=\"button.default\">\n\t\t\t\t\t\t\t\t\t\t<a class=\"elementor-button elementor-button-link elementor-size-sm\" href=\"https:\/\/www.subsilvania.ch\/\">\n\t\t\t\t\t\t<span class=\"elementor-button-content-wrapper\">\n\t\t\t\t\t\t<span class=\"elementor-button-icon\">\n\t\t\t\t<svg aria-hidden=\"true\" class=\"e-font-icon-svg e-fas-arrow-right\" viewBox=\"0 0 448 512\" xmlns=\"http:\/\/www.w3.org\/2000\/svg\"><path d=\"M190.5 66.9l22.2-22.2c9.4-9.4 24.6-9.4 33.9 0L441 239c9.4 9.4 9.4 24.6 0 33.9L246.6 467.3c-9.4 9.4-24.6 9.4-33.9 0l-22.2-22.2c-9.5-9.5-9.3-25 .4-34.3L311.4 296H24c-13.3 0-24-10.7-24-24v-32c0-13.3 10.7-24 24-24h287.4L190.9 101.2c-9.8-9.3-10-24.8-.4-34.3z\"><\/path><\/svg>\t\t\t<\/span>\n\t\t\t\t\t\t\t\t\t<span class=\"elementor-button-text\">Subsilvania<\/span>\n\t\t\t\t\t<\/span>\n\t\t\t\t\t<\/a>\n\t\t\t\t\t\t\t\t<\/div>\n\t\t\t\t\t<\/div>\n\t\t<\/div>\n\t\t\t\t<div class=\"elementor-column elementor-col-50 elementor-inner-column elementor-element elementor-element-65a338c\" data-id=\"65a338c\" data-element_type=\"column\" data-e-type=\"column\">\n\t\t\t<div class=\"elementor-widget-wrap elementor-element-populated\">\n\t\t\t\t\t\t<div class=\"elementor-element elementor-element-fc81c07 elementor-widget elementor-widget-image\" data-id=\"fc81c07\" data-element_type=\"widget\" data-e-type=\"widget\" data-widget_type=\"image.default\">\n\t\t\t\t\t\t\t\t\t\t\t\t\t\t\t<img loading=\"lazy\" decoding=\"async\" width=\"226\" height=\"300\" src=\"https:\/\/www.benediktiner-kollegium.ch\/wp-content\/uploads\/2021\/12\/092-subsilvania-226x300.jpg\" class=\"attachment-medium size-medium wp-image-2209\" alt=\"\" srcset=\"https:\/\/www.benediktiner-kollegium.ch\/wp-content\/uploads\/2021\/12\/092-subsilvania-226x300.jpg 226w, https:\/\/www.benediktiner-kollegium.ch\/wp-content\/uploads\/2021\/12\/092-subsilvania-771x1024.jpg 771w, https:\/\/www.benediktiner-kollegium.ch\/wp-content\/uploads\/2021\/12\/092-subsilvania-768x1019.jpg 768w, https:\/\/www.benediktiner-kollegium.ch\/wp-content\/uploads\/2021\/12\/092-subsilvania.jpg 904w\" sizes=\"(max-width: 226px) 100vw, 226px\" \/>\t\t\t\t\t\t\t\t\t\t\t\t\t\t\t<\/div>\n\t\t\t\t\t<\/div>\n\t\t<\/div>\n\t\t\t\t\t<\/div>\n\t\t<\/section>\n\t\t\t\t\t<\/div>\n\t\t<\/div>\n\t\t\t\t\t<\/div>\n\t\t<\/section>\n\t\t\t\t<section class=\"elementor-section elementor-top-section elementor-element elementor-element-60d1446 elementor-section-boxed elementor-section-height-default elementor-section-height-default\" data-id=\"60d1446\" data-element_type=\"section\" data-e-type=\"section\" data-settings=\"{&quot;background_background&quot;:&quot;classic&quot;}\">\n\t\t\t\t\t\t<div class=\"elementor-container elementor-column-gap-default\">\n\t\t\t\t\t<div class=\"elementor-column elementor-col-100 elementor-top-column elementor-element elementor-element-fa56f60\" data-id=\"fa56f60\" data-element_type=\"column\" data-e-type=\"column\">\n\t\t\t<div class=\"elementor-widget-wrap elementor-element-populated\">\n\t\t\t\t\t\t<div class=\"elementor-element elementor-element-304fe8e elementor-widget elementor-widget-heading\" data-id=\"304fe8e\" data-element_type=\"widget\" data-e-type=\"widget\" data-widget_type=\"heading.default\">\n\t\t\t\t\t<h2 class=\"elementor-heading-title elementor-size-default\">12. Dezember 2026 \/ 19.00 Uhr<br>Waldweihnacht<\/h2>\t\t\t\t<\/div>\n\t\t\t\t<section class=\"elementor-section elementor-inner-section elementor-element elementor-element-ebbe0a9 elementor-section-boxed elementor-section-height-default elementor-section-height-default\" data-id=\"ebbe0a9\" data-element_type=\"section\" data-e-type=\"section\">\n\t\t\t\t\t\t<div class=\"elementor-container elementor-column-gap-default\">\n\t\t\t\t\t<div class=\"elementor-column elementor-col-50 elementor-inner-column elementor-element elementor-element-d9fdf04\" data-id=\"d9fdf04\" data-element_type=\"column\" data-e-type=\"column\">\n\t\t\t<div class=\"elementor-widget-wrap elementor-element-populated\">\n\t\t\t\t\t\t<div class=\"elementor-element elementor-element-88d190d elementor-widget__width-initial elementor-widget elementor-widget-image\" data-id=\"88d190d\" data-element_type=\"widget\" data-e-type=\"widget\" data-widget_type=\"image.default\">\n\t\t\t\t\t\t\t\t\t\t\t\t\t\t\t<img loading=\"lazy\" decoding=\"async\" width=\"275\" height=\"183\" src=\"https:\/\/www.benediktiner-kollegium.ch\/wp-content\/uploads\/2025\/09\/Waldweihnacht.jpg\" class=\"attachment-large size-large wp-image-8061\" alt=\"\" \/>\t\t\t\t\t\t\t\t\t\t\t\t\t\t\t<\/div>\n\t\t\t\t\t<\/div>\n\t\t<\/div>\n\t\t\t\t<div class=\"elementor-column elementor-col-50 elementor-inner-column elementor-element elementor-element-5518f89\" data-id=\"5518f89\" data-element_type=\"column\" data-e-type=\"column\">\n\t\t\t<div class=\"elementor-widget-wrap elementor-element-populated\">\n\t\t\t\t\t\t<div class=\"elementor-element elementor-element-a82d3b3 elementor-widget__width-initial elementor-widget elementor-widget-text-editor\" data-id=\"a82d3b3\" data-element_type=\"widget\" data-e-type=\"widget\" data-widget_type=\"text-editor.default\">\n\t\t\t\t\t\t\t\t\t<p><strong>Ort:\u00a0<\/strong><strong>Untersteiglen, St\u00f6ckalp<\/strong><\/p><p><strong>Verantalter: Obwaldner Patentj\u00e4ger<\/strong><\/p><p><strong>Gestaltung: P. Benedikt Staubli, OSB, Benediktiner-Kollegium, Sarnen<\/strong><\/p>\t\t\t\t\t\t\t\t<\/div>\n\t\t\t\t\t<\/div>\n\t\t<\/div>\n\t\t\t\t\t<\/div>\n\t\t<\/section>\n\t\t\t\t\t<\/div>\n\t\t<\/div>\n\t\t\t\t\t<\/div>\n\t\t<\/section>\n\t\t<div class=\"elementor-element elementor-element-7fbb3eb e-flex e-con-boxed e-con e-parent\" data-id=\"7fbb3eb\" data-element_type=\"container\" data-e-type=\"container\" data-settings=\"{&quot;background_background&quot;:&quot;classic&quot;}\">\n\t\t\t\t\t<div class=\"e-con-inner\">\n\t\t\t\t<div class=\"elementor-element elementor-element-93a41a0 elementor-widget elementor-widget-heading\" data-id=\"93a41a0\" data-element_type=\"widget\" data-e-type=\"widget\" data-widget_type=\"heading.default\">\n\t\t\t\t\t<h2 class=\"elementor-heading-title elementor-size-default\">20. Dezember 2026<br>\nObwaldner Bergwiehnacht<\/h2>\t\t\t\t<\/div>\n\t\t\t\t<div class=\"elementor-element elementor-element-70333a7 elementor-widget elementor-widget-heading\" data-id=\"70333a7\" data-element_type=\"widget\" data-e-type=\"widget\" data-widget_type=\"heading.default\">\n\t\t\t\t\t<h2 class=\"elementor-heading-title elementor-size-default\">Kollegikirche Sarnen, 15.00 Uhr<\/h2>\t\t\t\t<\/div>\n\t\t\t\t<div class=\"elementor-element elementor-element-d36b561 elementor-widget elementor-widget-heading\" data-id=\"d36b561\" data-element_type=\"widget\" data-e-type=\"widget\" data-widget_type=\"heading.default\">\n\t\t\t\t\t<h2 class=\"elementor-heading-title elementor-size-default\">Organisatorin: Andrea Rohrer<\/h2>\t\t\t\t<\/div>\n\t\t\t\t\t<\/div>\n\t\t\t\t<\/div>\n\t\t\t\t<section class=\"elementor-section elementor-top-section elementor-element elementor-element-4f04416 elementor-section-boxed elementor-section-height-default elementor-section-height-default\" data-id=\"4f04416\" data-element_type=\"section\" data-e-type=\"section\">\n\t\t\t\t\t\t<div class=\"elementor-container elementor-column-gap-default\">\n\t\t\t\t\t<div class=\"elementor-column elementor-col-100 elementor-top-column elementor-element elementor-element-99ce1d6\" data-id=\"99ce1d6\" data-element_type=\"column\" data-e-type=\"column\">\n\t\t\t<div class=\"elementor-widget-wrap elementor-element-populated\">\n\t\t\t\t\t\t<div class=\"elementor-element elementor-element-1f1c9f9 elementor-widget elementor-widget-heading\" data-id=\"1f1c9f9\" data-element_type=\"widget\" data-e-type=\"widget\" data-widget_type=\"heading.default\">\n\t\t\t\t\t<h2 class=\"elementor-heading-title elementor-size-default\">Zimmer f\u00fcr Studenten, Praktikanten und Lehrlinge<\/h2>\t\t\t\t<\/div>\n\t\t\t\t\t<\/div>\n\t\t<\/div>\n\t\t\t\t\t<\/div>\n\t\t<\/section>\n\t\t\t\t<section class=\"elementor-section elementor-top-section elementor-element elementor-element-9875669 elementor-section-boxed elementor-section-height-default elementor-section-height-default\" data-id=\"9875669\" data-element_type=\"section\" data-e-type=\"section\" data-settings=\"{&quot;background_background&quot;:&quot;classic&quot;}\">\n\t\t\t\t\t\t<div class=\"elementor-container elementor-column-gap-default\">\n\t\t\t\t\t<div class=\"elementor-column elementor-col-100 elementor-top-column elementor-element elementor-element-634557c\" data-id=\"634557c\" data-element_type=\"column\" data-e-type=\"column\">\n\t\t\t<div class=\"elementor-widget-wrap elementor-element-populated\">\n\t\t\t\t\t\t<div class=\"elementor-element elementor-element-0835f9e elementor-widget__width-initial elementor-widget elementor-widget-text-editor\" data-id=\"0835f9e\" data-element_type=\"widget\" data-e-type=\"widget\" data-widget_type=\"text-editor.default\">\n\t\t\t\t\t\t\t\t\t<p><strong>Wir vermieten Zimmer an die Studierenden der Universit\u00e4t Luzern oder der Fachhochschulen Innerschweiz, der Medizintechnikerschule Obwalden usw. sowie f\u00fcr Praktikanten und Lehrlinge. F\u00fcr Fernstudenten gilt dieses Angebot auch w\u00e4hrend den Pr\u00fcfungsphasen.&nbsp;<\/strong><\/p>\n<p><strong>Unser Angebot umfasst neu renovierte Zimmer mit unterschiedlichem Ausbaustandard.<\/strong><\/p>\n<p><strong>Bei Interesse wenden Sie sich bitte an:<\/strong><\/p>\n<p><strong style=\"font-style: inherit;\">Fr. Paul Schneider&nbsp; &nbsp; &nbsp; &nbsp; &nbsp; &nbsp; &nbsp; &nbsp; &nbsp; &nbsp; &nbsp; &nbsp; &nbsp; &nbsp; &nbsp; &nbsp; &nbsp; &nbsp; &nbsp; &nbsp; &nbsp; &nbsp; &nbsp; &nbsp; &nbsp; &nbsp; &nbsp; &nbsp; &nbsp; &nbsp; &nbsp; &nbsp; &nbsp; &nbsp; &nbsp; &nbsp; &nbsp; &nbsp; &nbsp; &nbsp;+<\/strong><strong style=\"font-style: inherit;\">&nbsp;41 79 415 31 71&nbsp; &nbsp; &nbsp; &nbsp; &nbsp; &nbsp; &nbsp; &nbsp; &nbsp; &nbsp; &nbsp; &nbsp; &nbsp; &nbsp; &nbsp;<\/strong><strong style=\"font-style: inherit;\">paulrichardschneider@bluewin.ch<\/strong><\/p>\t\t\t\t\t\t\t\t<\/div>\n\t\t\t\t<div class=\"elementor-element elementor-element-bb3d6da elementor-align-center elementor-widget elementor-widget-button\" data-id=\"bb3d6da\" data-element_type=\"widget\" data-e-type=\"widget\" data-widget_type=\"button.default\">\n\t\t\t\t\t\t\t\t\t\t<a class=\"elementor-button elementor-button-link elementor-size-sm\" href=\"https:\/\/www.benediktiner-kollegium.ch\/?page_id=6932\">\n\t\t\t\t\t\t<span class=\"elementor-button-content-wrapper\">\n\t\t\t\t\t\t\t\t\t<span class=\"elementor-button-text\">Bilder<\/span>\n\t\t\t\t\t<\/span>\n\t\t\t\t\t<\/a>\n\t\t\t\t\t\t\t\t<\/div>\n\t\t\t\t\t<\/div>\n\t\t<\/div>\n\t\t\t\t\t<\/div>\n\t\t<\/section>\n\t\t\t\t<\/div>\n\t\t","protected":false},"excerpt":{"rendered":"<p>Aktuelles Juli 2026 Bilder vom renovierten Schl\u00f6ssli August &#8211; Oktober 2026 Fassadensanierung Professorenheim 3. &#8211; 4. August 2026 Tschechische Pilgergruppeaus der Fokolarbewegung mit Eucharistiefeier 45 Jahre Matura 14. November 2026 15. November 2026 Jubil\u00e4umskonzert 75 Jahre Obwaldner Trachtench\u00f6rli Kollegikirche Sarnen, 14.00 Uhr Organisator: Reto Bucher 6. Dezember 2026 Benefizkonzert f\u00fcr krebskranke Kinder Kollegikirche Sarnen, 15.00 [&hellip;]<\/p>\n","protected":false},"author":1,"featured_media":0,"parent":0,"menu_order":0,"comment_status":"closed","ping_status":"closed","template":"","meta":{"site-sidebar-layout":"no-sidebar","site-content-layout":"page-builder","ast-site-content-layout":"full-width-container","site-content-style":"unboxed","site-sidebar-style":"unboxed","ast-global-header-display":"","ast-banner-title-visibility":"","ast-main-header-display":"","ast-hfb-above-header-display":"","ast-hfb-below-header-display":"","ast-hfb-mobile-header-display":"","site-post-title":"","ast-breadcrumbs-content":"","ast-featured-img":"disabled","footer-sml-layout":"","ast-disable-related-posts":"","theme-transparent-header-meta":"","adv-header-id-meta":"","stick-header-meta":"","header-above-stick-meta":"","header-main-stick-meta":"","header-below-stick-meta":"","astra-migrate-meta-layouts":"set","ast-page-background-enabled":"default","ast-page-background-meta":{"desktop":{"background-color":"","background-image":"","background-repeat":"repeat","background-position":"center center","background-size":"auto","background-attachment":"scroll","background-type":"","background-media":"","overlay-type":"","overlay-color":"","overlay-opacity":"","overlay-gradient":""},"tablet":{"background-color":"","background-image":"","background-repeat":"repeat","background-position":"center center","background-size":"auto","background-attachment":"scroll","background-type":"","background-media":"","overlay-type":"","overlay-color":"","overlay-opacity":"","overlay-gradient":""},"mobile":{"background-color":"","background-image":"","background-repeat":"repeat","background-position":"center center","background-size":"auto","background-attachment":"scroll","background-type":"","background-media":"","overlay-type":"","overlay-color":"","overlay-opacity":"","overlay-gradient":""}},"ast-content-background-meta":{"desktop":{"background-color":"var(--ast-global-color-5)","background-image":"","background-repeat":"repeat","background-position":"center center","background-size":"auto","background-attachment":"scroll","background-type":"","background-media":"","overlay-type":"","overlay-color":"","overlay-opacity":"","overlay-gradient":""},"tablet":{"background-color":"var(--ast-global-color-5)","background-image":"","background-repeat":"repeat","background-position":"center center","background-size":"auto","background-attachment":"scroll","background-type":"","background-media":"","overlay-type":"","overlay-color":"","overlay-opacity":"","overlay-gradient":""},"mobile":{"background-color":"var(--ast-global-color-5)","background-image":"","background-repeat":"repeat","background-position":"center center","background-size":"auto","background-attachment":"scroll","background-type":"","background-media":"","overlay-type":"","overlay-color":"","overlay-opacity":"","overlay-gradient":""}},"footnotes":""},"class_list":["post-7993","page","type-page","status-publish","hentry"],"_links":{"self":[{"href":"https:\/\/www.benediktiner-kollegium.ch\/index.php?rest_route=\/wp\/v2\/pages\/7993","targetHints":{"allow":["GET"]}}],"collection":[{"href":"https:\/\/www.benediktiner-kollegium.ch\/index.php?rest_route=\/wp\/v2\/pages"}],"about":[{"href":"https:\/\/www.benediktiner-kollegium.ch\/index.php?rest_route=\/wp\/v2\/types\/page"}],"author":[{"embeddable":true,"href":"https:\/\/www.benediktiner-kollegium.ch\/index.php?rest_route=\/wp\/v2\/users\/1"}],"replies":[{"embeddable":true,"href":"https:\/\/www.benediktiner-kollegium.ch\/index.php?rest_route=%2Fwp%2Fv2%2Fcomments&post=7993"}],"version-history":[{"count":261,"href":"https:\/\/www.benediktiner-kollegium.ch\/index.php?rest_route=\/wp\/v2\/pages\/7993\/revisions"}],"predecessor-version":[{"id":8561,"href":"https:\/\/www.benediktiner-kollegium.ch\/index.php?rest_route=\/wp\/v2\/pages\/7993\/revisions\/8561"}],"wp:attachment":[{"href":"https:\/\/www.benediktiner-kollegium.ch\/index.php?rest_route=%2Fwp%2Fv2%2Fmedia&parent=7993"}],"curies":[{"name":"wp","href":"https:\/\/api.w.org\/{rel}","templated":true}]}}