{"id":8372,"date":"2026-03-11T16:07:55","date_gmt":"2026-03-11T16:07:55","guid":{"rendered":"https:\/\/www.benediktiner-kollegium.ch\/?page_id=8372"},"modified":"2026-08-01T08:58:24","modified_gmt":"2026-08-01T08:58:24","slug":"archiv-2026","status":"publish","type":"page","link":"https:\/\/www.benediktiner-kollegium.ch\/?page_id=8372","title":{"rendered":"Archiv 2026"},"content":{"rendered":"\t\t<div data-elementor-type=\"wp-page\" data-elementor-id=\"8372\" class=\"elementor elementor-8372\" data-elementor-post-type=\"page\">\n\t\t\t\t\t\t<section class=\"elementor-section elementor-top-section elementor-element elementor-element-ed64131 elementor-section-boxed elementor-section-height-default elementor-section-height-default\" data-id=\"ed64131\" data-element_type=\"section\" data-e-type=\"section\" data-settings=\"{&quot;background_background&quot;:&quot;classic&quot;}\">\n\t\t\t\t\t\t<div class=\"elementor-container elementor-column-gap-default\">\n\t\t\t\t\t<div class=\"elementor-column elementor-col-100 elementor-top-column elementor-element elementor-element-d7cbdf6\" data-id=\"d7cbdf6\" data-element_type=\"column\" data-e-type=\"column\">\n\t\t\t<div class=\"elementor-widget-wrap elementor-element-populated\">\n\t\t\t\t\t\t<div class=\"elementor-element elementor-element-74a7cbb elementor-widget elementor-widget-heading\" data-id=\"74a7cbb\" data-element_type=\"widget\" data-e-type=\"widget\" data-widget_type=\"heading.default\">\n\t\t\t\t\t<h2 class=\"elementor-heading-title elementor-size-default\">18. - 25. Juli 2026<br> Ministrantenlager Boswil<\/h2>\t\t\t\t<\/div>\n\t\t\t\t<section class=\"elementor-section elementor-inner-section elementor-element elementor-element-4668cb1 elementor-section-boxed elementor-section-height-default elementor-section-height-default\" data-id=\"4668cb1\" data-element_type=\"section\" data-e-type=\"section\">\n\t\t\t\t\t\t<div class=\"elementor-container elementor-column-gap-default\">\n\t\t\t\t\t<div class=\"elementor-column elementor-col-50 elementor-inner-column elementor-element elementor-element-fda205d\" data-id=\"fda205d\" data-element_type=\"column\" data-e-type=\"column\">\n\t\t\t<div class=\"elementor-widget-wrap elementor-element-populated\">\n\t\t\t\t\t\t<div class=\"elementor-element elementor-element-42655f8 elementor-widget elementor-widget-image\" data-id=\"42655f8\" data-element_type=\"widget\" data-e-type=\"widget\" data-widget_type=\"image.default\">\n\t\t\t\t\t\t\t\t\t\t\t\t\t\t\t<img fetchpriority=\"high\" decoding=\"async\" width=\"768\" height=\"576\" src=\"https:\/\/www.benediktiner-kollegium.ch\/wp-content\/uploads\/2024\/07\/IMG_20240720_104940-768x576.jpg\" class=\"attachment-medium_large size-medium_large wp-image-7228\" alt=\"\" srcset=\"https:\/\/www.benediktiner-kollegium.ch\/wp-content\/uploads\/2024\/07\/IMG_20240720_104940-768x576.jpg 768w, https:\/\/www.benediktiner-kollegium.ch\/wp-content\/uploads\/2024\/07\/IMG_20240720_104940-300x225.jpg 300w, https:\/\/www.benediktiner-kollegium.ch\/wp-content\/uploads\/2024\/07\/IMG_20240720_104940-1024x768.jpg 1024w, https:\/\/www.benediktiner-kollegium.ch\/wp-content\/uploads\/2024\/07\/IMG_20240720_104940-1536x1152.jpg 1536w, https:\/\/www.benediktiner-kollegium.ch\/wp-content\/uploads\/2024\/07\/IMG_20240720_104940-2048x1536.jpg 2048w\" sizes=\"(max-width: 768px) 100vw, 768px\" \/>\t\t\t\t\t\t\t\t\t\t\t\t\t\t\t<\/div>\n\t\t\t\t\t<\/div>\n\t\t<\/div>\n\t\t\t\t<div class=\"elementor-column elementor-col-50 elementor-inner-column elementor-element elementor-element-e11d88b\" data-id=\"e11d88b\" data-element_type=\"column\" data-e-type=\"column\">\n\t\t\t<div class=\"elementor-widget-wrap elementor-element-populated\">\n\t\t\t\t\t\t<div class=\"elementor-element elementor-element-df1123a elementor-widget elementor-widget-text-editor\" data-id=\"df1123a\" data-element_type=\"widget\" data-e-type=\"widget\" data-widget_type=\"text-editor.default\">\n\t\t\t\t\t\t\t\t\t<p><strong>2026 findet das traditionelle Zeltlager der&nbsp; Ministranten aus Boswil vom 18. bis 25. Juli statt. Im Vordergrund stehen Baden, Chillen und Fun. F\u00fcr das leibliche Wohl sorgt erneut die K\u00fcche des Kollegiums.<\/strong><\/p>\t\t\t\t\t\t\t\t<\/div>\n\t\t\t\t\t<\/div>\n\t\t<\/div>\n\t\t\t\t\t<\/div>\n\t\t<\/section>\n\t\t\t\t\t<\/div>\n\t\t<\/div>\n\t\t\t\t\t<\/div>\n\t\t<\/section>\n\t\t\t\t<section class=\"elementor-section elementor-top-section elementor-element elementor-element-a5b736c elementor-section-boxed elementor-section-height-default elementor-section-height-default\" data-id=\"a5b736c\" data-element_type=\"section\" data-e-type=\"section\" data-settings=\"{&quot;background_background&quot;:&quot;classic&quot;}\">\n\t\t\t\t\t\t<div class=\"elementor-container elementor-column-gap-default\">\n\t\t\t\t\t<div class=\"elementor-column elementor-col-100 elementor-top-column elementor-element elementor-element-e8b0f16\" data-id=\"e8b0f16\" data-element_type=\"column\" data-e-type=\"column\">\n\t\t\t<div class=\"elementor-widget-wrap elementor-element-populated\">\n\t\t\t\t\t\t<div class=\"elementor-element elementor-element-a969f90 elementor-widget elementor-widget-heading\" data-id=\"a969f90\" data-element_type=\"widget\" data-e-type=\"widget\" data-widget_type=\"heading.default\">\n\t\t\t\t\t<h2 class=\"elementor-heading-title elementor-size-default\">29. Juni - 3. Juli 2026<br>\nUnterkunft f\u00fcr Fernstudierende der Theologie<br>\nim Benediktiner-Kollegium Sarnen<\/h2>\t\t\t\t<\/div>\n\t\t\t\t<section class=\"elementor-section elementor-inner-section elementor-element elementor-element-12b4fc2 elementor-section-boxed elementor-section-height-default elementor-section-height-default\" data-id=\"12b4fc2\" data-element_type=\"section\" data-e-type=\"section\">\n\t\t\t\t\t\t<div class=\"elementor-container elementor-column-gap-default\">\n\t\t\t\t\t<div class=\"elementor-column elementor-col-50 elementor-inner-column elementor-element elementor-element-eafa6b4\" data-id=\"eafa6b4\" data-element_type=\"column\" data-e-type=\"column\" data-settings=\"{&quot;background_background&quot;:&quot;classic&quot;}\">\n\t\t\t<div class=\"elementor-widget-wrap elementor-element-populated\">\n\t\t\t\t\t\t<div class=\"elementor-element elementor-element-ec16c83 elementor-widget elementor-widget-image\" data-id=\"ec16c83\" data-element_type=\"widget\" data-e-type=\"widget\" data-widget_type=\"image.default\">\n\t\t\t\t\t\t\t\t\t\t\t\t\t\t\t<img decoding=\"async\" width=\"768\" height=\"782\" src=\"https:\/\/www.benediktiner-kollegium.ch\/wp-content\/uploads\/2022\/03\/Logo_Universitaet_Luzern.svg-768x782.png\" class=\"attachment-medium_large size-medium_large wp-image-3116\" alt=\"\" srcset=\"https:\/\/www.benediktiner-kollegium.ch\/wp-content\/uploads\/2022\/03\/Logo_Universitaet_Luzern.svg-768x782.png 768w, https:\/\/www.benediktiner-kollegium.ch\/wp-content\/uploads\/2022\/03\/Logo_Universitaet_Luzern.svg-295x300.png 295w, https:\/\/www.benediktiner-kollegium.ch\/wp-content\/uploads\/2022\/03\/Logo_Universitaet_Luzern.svg-1006x1024.png 1006w, https:\/\/www.benediktiner-kollegium.ch\/wp-content\/uploads\/2022\/03\/Logo_Universitaet_Luzern.svg.png 1200w\" sizes=\"(max-width: 768px) 100vw, 768px\" \/>\t\t\t\t\t\t\t\t\t\t\t\t\t\t\t<\/div>\n\t\t\t\t\t<\/div>\n\t\t<\/div>\n\t\t\t\t<div class=\"elementor-column elementor-col-50 elementor-inner-column elementor-element elementor-element-267f0b1\" data-id=\"267f0b1\" data-element_type=\"column\" data-e-type=\"column\">\n\t\t\t<div class=\"elementor-widget-wrap elementor-element-populated\">\n\t\t\t\t\t\t<div class=\"elementor-element elementor-element-5abac9b elementor-widget elementor-widget-text-editor\" data-id=\"5abac9b\" data-element_type=\"widget\" data-e-type=\"widget\" data-widget_type=\"text-editor.default\">\n\t\t\t\t\t\t\t\t\t<p><strong>W\u00e4hrend der Pr\u00fcfungsphase der Theologischen Fakult\u00e4t der Universit\u00e4t Luzern vom 29. Juni bis 3. Juli 2026 beherbergen wir im Benediktiner-Kollegium Fernstudenten und Fernstudentinnen. Gegen ein g\u00fcnstiges Entgelt bieten wir ihnen die Gelegenheit, ihre letzten Pr\u00fcfungsvorbereitungen in kl\u00f6sterlichem Umfeld\u00a0 anzugehen. Derzeit sind noch freie Zimmer verf\u00fcgbar.<\/strong><\/p>\t\t\t\t\t\t\t\t<\/div>\n\t\t\t\t\t<\/div>\n\t\t<\/div>\n\t\t\t\t\t<\/div>\n\t\t<\/section>\n\t\t\t\t\t<\/div>\n\t\t<\/div>\n\t\t\t\t\t<\/div>\n\t\t<\/section>\n\t\t\t\t<section class=\"elementor-section elementor-top-section elementor-element elementor-element-0850a9a elementor-section-boxed elementor-section-height-default elementor-section-height-default\" data-id=\"0850a9a\" data-element_type=\"section\" data-e-type=\"section\" data-settings=\"{&quot;background_background&quot;:&quot;classic&quot;}\">\n\t\t\t\t\t\t<div class=\"elementor-container elementor-column-gap-default\">\n\t\t\t\t\t<div class=\"elementor-column elementor-col-100 elementor-top-column elementor-element elementor-element-bc6255b\" data-id=\"bc6255b\" data-element_type=\"column\" data-e-type=\"column\">\n\t\t\t<div class=\"elementor-widget-wrap elementor-element-populated\">\n\t\t\t\t\t\t<div class=\"elementor-element elementor-element-882b235 elementor-widget elementor-widget-heading\" data-id=\"882b235\" data-element_type=\"widget\" data-e-type=\"widget\" data-widget_type=\"heading.default\">\n\t\t\t\t\t<h2 class=\"elementor-heading-title elementor-size-default\">25. Juni 2026, 18.00 Uhr<br>\nBuchvernissage<br>\nKollegikirche St. Martin, Sarnen<\/h2>\t\t\t\t<\/div>\n\t\t\t\t<section class=\"elementor-section elementor-inner-section elementor-element elementor-element-02d6cb7 elementor-section-boxed elementor-section-height-default elementor-section-height-default\" data-id=\"02d6cb7\" data-element_type=\"section\" data-e-type=\"section\">\n\t\t\t\t\t\t<div class=\"elementor-container elementor-column-gap-default\">\n\t\t\t\t\t<div class=\"elementor-column elementor-col-50 elementor-inner-column elementor-element elementor-element-e44a316\" data-id=\"e44a316\" data-element_type=\"column\" data-e-type=\"column\" data-settings=\"{&quot;background_background&quot;:&quot;classic&quot;}\">\n\t\t\t<div class=\"elementor-widget-wrap elementor-element-populated\">\n\t\t\t\t\t\t<div class=\"elementor-element elementor-element-1f5ce1e elementor-widget elementor-widget-image\" data-id=\"1f5ce1e\" data-element_type=\"widget\" data-e-type=\"widget\" data-widget_type=\"image.default\">\n\t\t\t\t\t\t\t\t\t\t\t\t\t\t\t<img decoding=\"async\" width=\"768\" height=\"1160\" src=\"https:\/\/www.benediktiner-kollegium.ch\/wp-content\/uploads\/2026\/04\/1841_ug_vs_berweger_aktueller-titel_web-768x1160.jpg\" class=\"attachment-medium_large size-medium_large wp-image-8450\" alt=\"\" srcset=\"https:\/\/www.benediktiner-kollegium.ch\/wp-content\/uploads\/2026\/04\/1841_ug_vs_berweger_aktueller-titel_web-768x1160.jpg 768w, https:\/\/www.benediktiner-kollegium.ch\/wp-content\/uploads\/2026\/04\/1841_ug_vs_berweger_aktueller-titel_web-199x300.jpg 199w, https:\/\/www.benediktiner-kollegium.ch\/wp-content\/uploads\/2026\/04\/1841_ug_vs_berweger_aktueller-titel_web-678x1024.jpg 678w, https:\/\/www.benediktiner-kollegium.ch\/wp-content\/uploads\/2026\/04\/1841_ug_vs_berweger_aktueller-titel_web.jpg 937w\" sizes=\"(max-width: 768px) 100vw, 768px\" \/>\t\t\t\t\t\t\t\t\t\t\t\t\t\t\t<\/div>\n\t\t\t\t\t<\/div>\n\t\t<\/div>\n\t\t\t\t<div class=\"elementor-column elementor-col-50 elementor-inner-column elementor-element elementor-element-fe73aae\" data-id=\"fe73aae\" data-element_type=\"column\" data-e-type=\"column\">\n\t\t\t<div class=\"elementor-widget-wrap elementor-element-populated\">\n\t\t\t\t\t\t<div class=\"elementor-element elementor-element-f229ca8 elementor-widget__width-initial elementor-widget elementor-widget-text-editor\" data-id=\"f229ca8\" data-element_type=\"widget\" data-e-type=\"widget\" data-widget_type=\"text-editor.default\">\n\t\t\t\t\t\t\t\t\t<div class=\"row\"><div class=\"col-sm-8 col-sm-offset-1\"><section id=\"block-quicktabs-book-detail-page\" class=\"block block--quicktabs block--quicktabs-book-detail-page clearfix\"><div id=\"quickset-book_detail_page\" class=\"quick-responsive col-sm-12 jquery-once-1-processed\"><div class=\"resp-tabs-container\"><div class=\"resp-tab-content resp-tab-content-active\" aria-labelledby=\"tab_item-0\"><div class=\"view view-cv-books-from-solr view-id-cv_books_from_solr view-display-id-kurztext_tab view-dom-id-19c2300c74e5a77c5c80401cb1991423\"><div class=\"view-content\"><div class=\"views-row views-row-1\"><div class=\"views-field views-field-field-description-value\"><p><strong>Pater Emmanuel Scherer (1876\u20131929) wird heute als \u00abVater der Arch\u00e4ologie in der Zentralschweiz\u00bb bezeichnet. Er lehrte im Benediktinerkollegium Sarnen und pflegte eine grosse arch\u00e4ologische Sammlung. Nach seinem Tod geriet sie 93 Jahre lang in Vergessenheit, wurde erst 2022 wiederentdeckt und aufgearbeitet. Nun liegen die Ergebnisse vor. Die vorliegende Schrift pr\u00e4sentiert die Biografie und die Sammlung des gut vernetzten Benediktiners und Spezialisten fu\u0308r Urgeschichte. P. Emmanuel legte mit seiner Arbeit wichtige Grundsteine und motivierte weitere Pers\u00f6nlichkeiten, sich dem arch\u00e4ologischen Erbe zu widmen. Seine Leistungen fielen jedoch weitgehend dem Vergessen anheim. Die Wiederentdeckung seiner Lehrsammlung im Jahr 2022 fu\u0308hrte zu einer umfassenden Inventarisierung sowie Aufarbeitung seines schriftlichen Nachlasses. Sowohl die Sammlung als auch der Nachlass erz\u00e4hlen Geschichten aus der Fru\u0308hzeit der Arch\u00e4ologie. Zum 150. Geburtstag von Pater Emmanuel wird das Schaffen dieses gut vernetzten, vielseitigen und an neuen Methoden interessierten Menschen gewu\u0308rdigt.\u00a0<\/strong><\/p><\/div><\/div><\/div><\/div><\/div><\/div><\/div><\/section><\/div><\/div>\t\t\t\t\t\t\t\t<\/div>\n\t\t\t\t\t<\/div>\n\t\t<\/div>\n\t\t\t\t\t<\/div>\n\t\t<\/section>\n\t\t\t\t\t<\/div>\n\t\t<\/div>\n\t\t\t\t\t<\/div>\n\t\t<\/section>\n\t\t\t\t<section class=\"elementor-section elementor-top-section elementor-element elementor-element-b766f81 elementor-section-boxed elementor-section-height-default elementor-section-height-default\" data-id=\"b766f81\" data-element_type=\"section\" data-e-type=\"section\" data-settings=\"{&quot;background_background&quot;:&quot;classic&quot;}\">\n\t\t\t\t\t\t<div class=\"elementor-container elementor-column-gap-default\">\n\t\t\t\t\t<div class=\"elementor-column elementor-col-100 elementor-top-column elementor-element elementor-element-15d1630\" data-id=\"15d1630\" data-element_type=\"column\" data-e-type=\"column\">\n\t\t\t<div class=\"elementor-widget-wrap elementor-element-populated\">\n\t\t\t\t\t\t<div class=\"elementor-element elementor-element-71b50ed elementor-widget elementor-widget-heading\" data-id=\"71b50ed\" data-element_type=\"widget\" data-e-type=\"widget\" data-widget_type=\"heading.default\">\n\t\t\t\t\t<h2 class=\"elementor-heading-title elementor-size-default\">Mai \/ Juni 2026<br> Umbau Schl\u00f6ssli vor Fertigstellung<\/h2>\t\t\t\t<\/div>\n\t\t\t\t<section class=\"elementor-section elementor-inner-section elementor-element elementor-element-ae3795d elementor-section-boxed elementor-section-height-default elementor-section-height-default\" data-id=\"ae3795d\" data-element_type=\"section\" data-e-type=\"section\">\n\t\t\t\t\t\t<div class=\"elementor-container elementor-column-gap-default\">\n\t\t\t\t\t<div class=\"elementor-column elementor-col-50 elementor-inner-column elementor-element elementor-element-aa3c904\" data-id=\"aa3c904\" data-element_type=\"column\" data-e-type=\"column\">\n\t\t\t<div class=\"elementor-widget-wrap elementor-element-populated\">\n\t\t\t\t\t\t<div class=\"elementor-element elementor-element-15a9da4 elementor-widget elementor-widget-image\" data-id=\"15a9da4\" data-element_type=\"widget\" data-e-type=\"widget\" data-widget_type=\"image.default\">\n\t\t\t\t\t\t\t\t\t\t\t\t\t\t\t<img loading=\"lazy\" decoding=\"async\" width=\"768\" height=\"576\" src=\"https:\/\/www.benediktiner-kollegium.ch\/wp-content\/uploads\/2026\/05\/20260501_172518-768x576.jpg\" class=\"attachment-medium_large size-medium_large wp-image-8497\" alt=\"\" srcset=\"https:\/\/www.benediktiner-kollegium.ch\/wp-content\/uploads\/2026\/05\/20260501_172518-768x576.jpg 768w, https:\/\/www.benediktiner-kollegium.ch\/wp-content\/uploads\/2026\/05\/20260501_172518-300x225.jpg 300w, https:\/\/www.benediktiner-kollegium.ch\/wp-content\/uploads\/2026\/05\/20260501_172518-1024x768.jpg 1024w, https:\/\/www.benediktiner-kollegium.ch\/wp-content\/uploads\/2026\/05\/20260501_172518-1536x1152.jpg 1536w, https:\/\/www.benediktiner-kollegium.ch\/wp-content\/uploads\/2026\/05\/20260501_172518-2048x1536.jpg 2048w\" sizes=\"(max-width: 768px) 100vw, 768px\" \/>\t\t\t\t\t\t\t\t\t\t\t\t\t\t\t<\/div>\n\t\t\t\t\t<\/div>\n\t\t<\/div>\n\t\t\t\t<div class=\"elementor-column elementor-col-50 elementor-inner-column elementor-element elementor-element-0777962\" data-id=\"0777962\" data-element_type=\"column\" data-e-type=\"column\">\n\t\t\t<div class=\"elementor-widget-wrap elementor-element-populated\">\n\t\t\t\t\t\t<div class=\"elementor-element elementor-element-ce42f16 elementor-widget elementor-widget-image\" data-id=\"ce42f16\" data-element_type=\"widget\" data-e-type=\"widget\" data-widget_type=\"image.default\">\n\t\t\t\t\t\t\t\t\t\t\t\t\t\t\t<img loading=\"lazy\" decoding=\"async\" width=\"1024\" height=\"768\" src=\"https:\/\/www.benediktiner-kollegium.ch\/wp-content\/uploads\/2026\/05\/20260501_181206-1024x768.jpg\" class=\"attachment-large size-large wp-image-8498\" alt=\"\" srcset=\"https:\/\/www.benediktiner-kollegium.ch\/wp-content\/uploads\/2026\/05\/20260501_181206-1024x768.jpg 1024w, https:\/\/www.benediktiner-kollegium.ch\/wp-content\/uploads\/2026\/05\/20260501_181206-300x225.jpg 300w, https:\/\/www.benediktiner-kollegium.ch\/wp-content\/uploads\/2026\/05\/20260501_181206-768x576.jpg 768w, https:\/\/www.benediktiner-kollegium.ch\/wp-content\/uploads\/2026\/05\/20260501_181206-1536x1152.jpg 1536w, https:\/\/www.benediktiner-kollegium.ch\/wp-content\/uploads\/2026\/05\/20260501_181206-2048x1536.jpg 2048w\" sizes=\"(max-width: 1024px) 100vw, 1024px\" \/>\t\t\t\t\t\t\t\t\t\t\t\t\t\t\t<\/div>\n\t\t\t\t\t<\/div>\n\t\t<\/div>\n\t\t\t\t\t<\/div>\n\t\t<\/section>\n\t\t\t\t\t<\/div>\n\t\t<\/div>\n\t\t\t\t\t<\/div>\n\t\t<\/section>\n\t\t\t\t<section class=\"elementor-section elementor-top-section elementor-element elementor-element-f5e58d4 elementor-section-boxed elementor-section-height-default elementor-section-height-default\" data-id=\"f5e58d4\" data-element_type=\"section\" data-e-type=\"section\" data-settings=\"{&quot;background_background&quot;:&quot;classic&quot;}\">\n\t\t\t\t\t\t<div class=\"elementor-container elementor-column-gap-default\">\n\t\t\t\t\t<div class=\"elementor-column elementor-col-100 elementor-top-column elementor-element elementor-element-6ee34d8\" data-id=\"6ee34d8\" data-element_type=\"column\" data-e-type=\"column\">\n\t\t\t<div class=\"elementor-widget-wrap elementor-element-populated\">\n\t\t\t\t\t\t<div class=\"elementor-element elementor-element-09cb8d1 elementor-widget elementor-widget-heading\" data-id=\"09cb8d1\" data-element_type=\"widget\" data-e-type=\"widget\" data-widget_type=\"heading.default\">\n\t\t\t\t\t<h2 class=\"elementor-heading-title elementor-size-default\">65 Jahre Matura<br> 20. Mai 2026<br><\/h2>\t\t\t\t<\/div>\n\t\t\t\t<div class=\"elementor-element elementor-element-fb13c94 elementor-widget elementor-widget-image\" data-id=\"fb13c94\" data-element_type=\"widget\" data-e-type=\"widget\" data-widget_type=\"image.default\">\n\t\t\t\t\t\t\t\t\t\t\t\t\t\t\t<img loading=\"lazy\" decoding=\"async\" width=\"491\" height=\"461\" src=\"https:\/\/www.benediktiner-kollegium.ch\/wp-content\/uploads\/2026\/02\/Matura-1961.png\" class=\"attachment-large size-large wp-image-8197\" alt=\"\" srcset=\"https:\/\/www.benediktiner-kollegium.ch\/wp-content\/uploads\/2026\/02\/Matura-1961.png 491w, https:\/\/www.benediktiner-kollegium.ch\/wp-content\/uploads\/2026\/02\/Matura-1961-300x282.png 300w\" sizes=\"(max-width: 491px) 100vw, 491px\" \/>\t\t\t\t\t\t\t\t\t\t\t\t\t\t\t<\/div>\n\t\t\t\t\t<\/div>\n\t\t<\/div>\n\t\t\t\t\t<\/div>\n\t\t<\/section>\n\t\t\t\t<section class=\"elementor-section elementor-top-section elementor-element elementor-element-64496f9 elementor-section-boxed elementor-section-height-default elementor-section-height-default\" data-id=\"64496f9\" data-element_type=\"section\" data-e-type=\"section\" data-settings=\"{&quot;background_background&quot;:&quot;classic&quot;}\">\n\t\t\t\t\t\t<div class=\"elementor-container elementor-column-gap-default\">\n\t\t\t\t\t<div class=\"elementor-column elementor-col-100 elementor-top-column elementor-element elementor-element-03f5911\" data-id=\"03f5911\" data-element_type=\"column\" data-e-type=\"column\">\n\t\t\t<div class=\"elementor-widget-wrap elementor-element-populated\">\n\t\t\t\t\t\t<div class=\"elementor-element elementor-element-d365c5a elementor-widget elementor-widget-heading\" data-id=\"d365c5a\" data-element_type=\"widget\" data-e-type=\"widget\" data-widget_type=\"heading.default\">\n\t\t\t\t\t<h2 class=\"elementor-heading-title elementor-size-default\">Abschiedsfeier von Harald Woermann<br> Freitag, 8. Mai 2026, 14.00 Uhr<\/h2>\t\t\t\t<\/div>\n\t\t\t\t<div class=\"elementor-element elementor-element-a9d7a44 elementor-widget elementor-widget-image\" data-id=\"a9d7a44\" data-element_type=\"widget\" data-e-type=\"widget\" data-widget_type=\"image.default\">\n\t\t\t\t\t\t\t\t\t\t\t\t\t\t\t<img loading=\"lazy\" decoding=\"async\" width=\"460\" height=\"625\" src=\"https:\/\/www.benediktiner-kollegium.ch\/wp-content\/uploads\/2026\/05\/Traueranzeige-Harald-Woermann.png\" class=\"attachment-large size-large wp-image-8508\" alt=\"\" srcset=\"https:\/\/www.benediktiner-kollegium.ch\/wp-content\/uploads\/2026\/05\/Traueranzeige-Harald-Woermann.png 460w, https:\/\/www.benediktiner-kollegium.ch\/wp-content\/uploads\/2026\/05\/Traueranzeige-Harald-Woermann-221x300.png 221w\" sizes=\"(max-width: 460px) 100vw, 460px\" \/>\t\t\t\t\t\t\t\t\t\t\t\t\t\t\t<\/div>\n\t\t\t\t\t<\/div>\n\t\t<\/div>\n\t\t\t\t\t<\/div>\n\t\t<\/section>\n\t\t<div class=\"elementor-element elementor-element-908f746 e-flex e-con-boxed e-con e-parent\" data-id=\"908f746\" data-element_type=\"container\" data-e-type=\"container\" data-settings=\"{&quot;background_background&quot;:&quot;classic&quot;}\">\n\t\t\t\t\t<div class=\"e-con-inner\">\n\t\t\t\t<div class=\"elementor-element elementor-element-3d62ff8 elementor-widget elementor-widget-image\" data-id=\"3d62ff8\" data-element_type=\"widget\" data-e-type=\"widget\" data-widget_type=\"image.default\">\n\t\t\t\t\t\t\t\t\t\t\t\t\t\t\t<img loading=\"lazy\" decoding=\"async\" width=\"424\" height=\"638\" src=\"https:\/\/www.benediktiner-kollegium.ch\/wp-content\/uploads\/2026\/03\/Urs-Windlin.png\" class=\"attachment-large size-large wp-image-8377\" alt=\"\" srcset=\"https:\/\/www.benediktiner-kollegium.ch\/wp-content\/uploads\/2026\/03\/Urs-Windlin.png 424w, https:\/\/www.benediktiner-kollegium.ch\/wp-content\/uploads\/2026\/03\/Urs-Windlin-199x300.png 199w\" sizes=\"(max-width: 424px) 100vw, 424px\" \/>\t\t\t\t\t\t\t\t\t\t\t\t\t\t\t<\/div>\n\t\t\t\t\t<\/div>\n\t\t\t\t<\/div>\n\t\t<div class=\"elementor-element elementor-element-c749c02 e-flex e-con-boxed e-con e-parent\" data-id=\"c749c02\" data-element_type=\"container\" data-e-type=\"container\" data-settings=\"{&quot;background_background&quot;:&quot;classic&quot;}\">\n\t\t\t\t\t<div class=\"e-con-inner\">\n\t\t\t\t<div class=\"elementor-element elementor-element-dc98f65 elementor-widget elementor-widget-image\" data-id=\"dc98f65\" data-element_type=\"widget\" data-e-type=\"widget\" data-widget_type=\"image.default\">\n\t\t\t\t\t\t\t\t\t\t\t\t\t\t\t<img loading=\"lazy\" decoding=\"async\" width=\"617\" height=\"866\" src=\"https:\/\/www.benediktiner-kollegium.ch\/wp-content\/uploads\/2026\/03\/Beda.png\" class=\"attachment-large size-large wp-image-8396\" alt=\"\" srcset=\"https:\/\/www.benediktiner-kollegium.ch\/wp-content\/uploads\/2026\/03\/Beda.png 617w, https:\/\/www.benediktiner-kollegium.ch\/wp-content\/uploads\/2026\/03\/Beda-214x300.png 214w\" sizes=\"(max-width: 617px) 100vw, 617px\" \/>\t\t\t\t\t\t\t\t\t\t\t\t\t\t\t<\/div>\n\t\t\t\t<div class=\"elementor-element elementor-element-4332dc2 elementor-widget elementor-widget-image\" data-id=\"4332dc2\" data-element_type=\"widget\" data-e-type=\"widget\" data-widget_type=\"image.default\">\n\t\t\t\t\t\t\t\t\t\t\t\t\t\t\t<img loading=\"lazy\" decoding=\"async\" width=\"1000\" height=\"761\" src=\"https:\/\/www.benediktiner-kollegium.ch\/wp-content\/uploads\/2026\/03\/bedafridolin-hungerbuehler-traueranzeige-bb734b7e-d9db-43cc-a6a8-27a4ae474401-1.png\" class=\"attachment-large size-large wp-image-8413\" alt=\"\" srcset=\"https:\/\/www.benediktiner-kollegium.ch\/wp-content\/uploads\/2026\/03\/bedafridolin-hungerbuehler-traueranzeige-bb734b7e-d9db-43cc-a6a8-27a4ae474401-1.png 1000w, https:\/\/www.benediktiner-kollegium.ch\/wp-content\/uploads\/2026\/03\/bedafridolin-hungerbuehler-traueranzeige-bb734b7e-d9db-43cc-a6a8-27a4ae474401-1-300x228.png 300w, https:\/\/www.benediktiner-kollegium.ch\/wp-content\/uploads\/2026\/03\/bedafridolin-hungerbuehler-traueranzeige-bb734b7e-d9db-43cc-a6a8-27a4ae474401-1-768x584.png 768w\" sizes=\"(max-width: 1000px) 100vw, 1000px\" \/>\t\t\t\t\t\t\t\t\t\t\t\t\t\t\t<\/div>\n\t\t\t\t\t<\/div>\n\t\t\t\t<\/div>\n\t\t<div class=\"elementor-element elementor-element-c372e93 e-flex e-con-boxed e-con e-parent\" data-id=\"c372e93\" data-element_type=\"container\" data-e-type=\"container\" data-settings=\"{&quot;background_background&quot;:&quot;classic&quot;}\">\n\t\t\t\t\t<div class=\"e-con-inner\">\n\t\t\t\t<div class=\"elementor-element elementor-element-2c92456 elementor-widget elementor-widget-image\" data-id=\"2c92456\" data-element_type=\"widget\" data-e-type=\"widget\" data-widget_type=\"image.default\">\n\t\t\t\t\t\t\t\t\t\t\t\t\t\t\t<img loading=\"lazy\" decoding=\"async\" width=\"499\" height=\"528\" src=\"https:\/\/www.benediktiner-kollegium.ch\/wp-content\/uploads\/2026\/03\/Benedikt-2026.png\" class=\"attachment-large size-large wp-image-8420\" alt=\"\" srcset=\"https:\/\/www.benediktiner-kollegium.ch\/wp-content\/uploads\/2026\/03\/Benedikt-2026.png 499w, https:\/\/www.benediktiner-kollegium.ch\/wp-content\/uploads\/2026\/03\/Benedikt-2026-284x300.png 284w\" sizes=\"(max-width: 499px) 100vw, 499px\" \/>\t\t\t\t\t\t\t\t\t\t\t\t\t\t\t<\/div>\n\t\t\t\t\t<\/div>\n\t\t\t\t<\/div>\n\t\t<div class=\"elementor-element elementor-element-6d8741b e-flex e-con-boxed e-con e-parent\" data-id=\"6d8741b\" data-element_type=\"container\" data-e-type=\"container\" data-settings=\"{&quot;background_background&quot;:&quot;classic&quot;}\">\n\t\t\t\t\t<div class=\"e-con-inner\">\n\t\t\t\t<div class=\"elementor-element elementor-element-9fa39bb elementor-widget elementor-widget-heading\" data-id=\"9fa39bb\" data-element_type=\"widget\" data-e-type=\"widget\" data-widget_type=\"heading.default\">\n\t\t\t\t\t<h2 class=\"elementor-heading-title elementor-size-default\">2. - 3. M\u00e4rz 2026<br>\nSeminar: Einf\u00fchrung in das Ordensrecht<\/h2>\t\t\t\t<\/div>\n\t\t\t\t<div class=\"elementor-element elementor-element-4f232f4 elementor-widget elementor-widget-heading\" data-id=\"4f232f4\" data-element_type=\"widget\" data-e-type=\"widget\" data-widget_type=\"heading.default\">\n\t\t\t\t\t<h2 class=\"elementor-heading-title elementor-size-default\">Referent: Fr. Paul Schneider, OSB<\/h2>\t\t\t\t<\/div>\n\t\t\t\t\t<\/div>\n\t\t\t\t<\/div>\n\t\t<div class=\"elementor-element elementor-element-95e3b2e e-flex e-con-boxed e-con e-parent\" data-id=\"95e3b2e\" data-element_type=\"container\" data-e-type=\"container\">\n\t\t\t\t\t<div class=\"e-con-inner\">\n\t\t\t\t<div class=\"elementor-element elementor-element-2ca7893 elementor-widget elementor-widget-image\" data-id=\"2ca7893\" data-element_type=\"widget\" data-e-type=\"widget\" data-widget_type=\"image.default\">\n\t\t\t\t\t\t\t\t\t\t\t\t\t\t\t<img loading=\"lazy\" decoding=\"async\" width=\"568\" height=\"882\" src=\"https:\/\/www.benediktiner-kollegium.ch\/wp-content\/uploads\/2026\/02\/Peter-Sigrist.png\" class=\"attachment-large size-large wp-image-8367\" alt=\"\" srcset=\"https:\/\/www.benediktiner-kollegium.ch\/wp-content\/uploads\/2026\/02\/Peter-Sigrist.png 568w, https:\/\/www.benediktiner-kollegium.ch\/wp-content\/uploads\/2026\/02\/Peter-Sigrist-193x300.png 193w\" sizes=\"(max-width: 568px) 100vw, 568px\" \/>\t\t\t\t\t\t\t\t\t\t\t\t\t\t\t<\/div>\n\t\t\t\t\t<\/div>\n\t\t\t\t<\/div>\n\t\t\t\t<section class=\"elementor-section elementor-top-section elementor-element elementor-element-302d675 elementor-section-boxed elementor-section-height-default elementor-section-height-default\" data-id=\"302d675\" data-element_type=\"section\" data-e-type=\"section\" data-settings=\"{&quot;background_background&quot;:&quot;gradient&quot;}\">\n\t\t\t\t\t\t<div class=\"elementor-container elementor-column-gap-default\">\n\t\t\t\t\t<div class=\"elementor-column elementor-col-100 elementor-top-column elementor-element elementor-element-9c21a3c\" data-id=\"9c21a3c\" data-element_type=\"column\" data-e-type=\"column\">\n\t\t\t<div class=\"elementor-widget-wrap elementor-element-populated\">\n\t\t\t\t\t\t<div class=\"elementor-element elementor-element-ba4ef86 elementor-widget elementor-widget-heading\" data-id=\"ba4ef86\" data-element_type=\"widget\" data-e-type=\"widget\" data-widget_type=\"heading.default\">\n\t\t\t\t\t<h2 class=\"elementor-heading-title elementor-size-default\">2025 \/ 2026<br>Renovation des \"Schl\u00f6ssli's\"<\/h2>\t\t\t\t<\/div>\n\t\t\t\t<section class=\"elementor-section elementor-inner-section elementor-element elementor-element-cc9079f elementor-section-boxed elementor-section-height-default elementor-section-height-default\" data-id=\"cc9079f\" data-element_type=\"section\" data-e-type=\"section\">\n\t\t\t\t\t\t<div class=\"elementor-container elementor-column-gap-default\">\n\t\t\t\t\t<div class=\"elementor-column elementor-col-50 elementor-inner-column elementor-element elementor-element-7c1b9cb\" data-id=\"7c1b9cb\" data-element_type=\"column\" data-e-type=\"column\">\n\t\t\t<div class=\"elementor-widget-wrap elementor-element-populated\">\n\t\t\t\t\t\t<div class=\"elementor-element elementor-element-dec3e3a elementor-widget__width-initial elementor-widget elementor-widget-image\" data-id=\"dec3e3a\" data-element_type=\"widget\" data-e-type=\"widget\" data-widget_type=\"image.default\">\n\t\t\t\t\t\t\t\t\t\t\t\t\t\t\t<img loading=\"lazy\" decoding=\"async\" width=\"768\" height=\"1024\" src=\"https:\/\/www.benediktiner-kollegium.ch\/wp-content\/uploads\/2025\/04\/IMG_20220227_145259-768x1024.jpg\" class=\"attachment-large size-large wp-image-7919\" alt=\"\" srcset=\"https:\/\/www.benediktiner-kollegium.ch\/wp-content\/uploads\/2025\/04\/IMG_20220227_145259-768x1024.jpg 768w, https:\/\/www.benediktiner-kollegium.ch\/wp-content\/uploads\/2025\/04\/IMG_20220227_145259-225x300.jpg 225w, https:\/\/www.benediktiner-kollegium.ch\/wp-content\/uploads\/2025\/04\/IMG_20220227_145259-1152x1536.jpg 1152w, https:\/\/www.benediktiner-kollegium.ch\/wp-content\/uploads\/2025\/04\/IMG_20220227_145259-1536x2048.jpg 1536w, https:\/\/www.benediktiner-kollegium.ch\/wp-content\/uploads\/2025\/04\/IMG_20220227_145259-scaled.jpg 1920w\" sizes=\"(max-width: 768px) 100vw, 768px\" \/>\t\t\t\t\t\t\t\t\t\t\t\t\t\t\t<\/div>\n\t\t\t\t\t<\/div>\n\t\t<\/div>\n\t\t\t\t<div class=\"elementor-column elementor-col-50 elementor-inner-column elementor-element elementor-element-7b21ba4\" data-id=\"7b21ba4\" data-element_type=\"column\" data-e-type=\"column\">\n\t\t\t<div class=\"elementor-widget-wrap elementor-element-populated\">\n\t\t\t\t\t\t<div class=\"elementor-element elementor-element-affd6fe elementor-widget__width-initial elementor-widget elementor-widget-text-editor\" data-id=\"affd6fe\" data-element_type=\"widget\" data-e-type=\"widget\" data-widget_type=\"text-editor.default\">\n\t\t\t\t\t\t\t\t\t<p><strong>Bis zum Sommer 2026 wird der Kopfbau des Professorenheimes renoviert. Traditionell wird er &#8222;Schl\u00f6ssli&#8220; genannt, weil er urspr\u00fcnglich als Gutshaus konzipiert war.&nbsp; An dieses stattliche Herrenhaus wurde 1928 und 1929 das eigentliche Professorenheim angebaut. Seit dem Kauf 1866 diente das Schl\u00f6ssli den Benediktinern als Wohnhaus. Nach Vollendung des Erweiterungsbaues wurde es vorallem von den vielen Klosterg\u00e4sten genutzt.<\/strong><\/p>\t\t\t\t\t\t\t\t<\/div>\n\t\t\t\t<div class=\"elementor-element elementor-element-2332a16 elementor-widget elementor-widget-image\" data-id=\"2332a16\" data-element_type=\"widget\" data-e-type=\"widget\" data-widget_type=\"image.default\">\n\t\t\t\t\t\t\t\t\t\t\t\t\t\t\t<img loading=\"lazy\" decoding=\"async\" width=\"1024\" height=\"713\" src=\"https:\/\/www.benediktiner-kollegium.ch\/wp-content\/uploads\/2025\/04\/1928-Schloessli-1024x713.jpg\" class=\"attachment-large size-large wp-image-7924\" alt=\"\" srcset=\"https:\/\/www.benediktiner-kollegium.ch\/wp-content\/uploads\/2025\/04\/1928-Schloessli-1024x713.jpg 1024w, https:\/\/www.benediktiner-kollegium.ch\/wp-content\/uploads\/2025\/04\/1928-Schloessli-300x209.jpg 300w, https:\/\/www.benediktiner-kollegium.ch\/wp-content\/uploads\/2025\/04\/1928-Schloessli-768x535.jpg 768w, https:\/\/www.benediktiner-kollegium.ch\/wp-content\/uploads\/2025\/04\/1928-Schloessli-1536x1070.jpg 1536w, https:\/\/www.benediktiner-kollegium.ch\/wp-content\/uploads\/2025\/04\/1928-Schloessli-2048x1426.jpg 2048w\" sizes=\"(max-width: 1024px) 100vw, 1024px\" \/>\t\t\t\t\t\t\t\t\t\t\t\t\t\t\t<\/div>\n\t\t\t\t\t<\/div>\n\t\t<\/div>\n\t\t\t\t\t<\/div>\n\t\t<\/section>\n\t\t\t\t<section class=\"elementor-section elementor-inner-section elementor-element elementor-element-d72414c elementor-section-boxed elementor-section-height-default elementor-section-height-default\" data-id=\"d72414c\" data-element_type=\"section\" data-e-type=\"section\">\n\t\t\t\t\t\t<div class=\"elementor-container elementor-column-gap-default\">\n\t\t\t\t\t<div class=\"elementor-column elementor-col-50 elementor-inner-column elementor-element elementor-element-5a2916c\" data-id=\"5a2916c\" data-element_type=\"column\" data-e-type=\"column\">\n\t\t\t<div class=\"elementor-widget-wrap elementor-element-populated\">\n\t\t\t\t\t\t<div class=\"elementor-element elementor-element-f672f26 elementor-widget__width-initial elementor-widget elementor-widget-image\" data-id=\"f672f26\" data-element_type=\"widget\" data-e-type=\"widget\" data-widget_type=\"image.default\">\n\t\t\t\t\t\t\t\t\t\t\t\t\t\t\t<img loading=\"lazy\" decoding=\"async\" width=\"1024\" height=\"768\" src=\"https:\/\/www.benediktiner-kollegium.ch\/wp-content\/uploads\/2025\/11\/20251015_104846-1024x768.jpg\" class=\"attachment-large size-large wp-image-8144\" alt=\"\" srcset=\"https:\/\/www.benediktiner-kollegium.ch\/wp-content\/uploads\/2025\/11\/20251015_104846-1024x768.jpg 1024w, https:\/\/www.benediktiner-kollegium.ch\/wp-content\/uploads\/2025\/11\/20251015_104846-300x225.jpg 300w, https:\/\/www.benediktiner-kollegium.ch\/wp-content\/uploads\/2025\/11\/20251015_104846-768x576.jpg 768w, https:\/\/www.benediktiner-kollegium.ch\/wp-content\/uploads\/2025\/11\/20251015_104846-1536x1152.jpg 1536w, https:\/\/www.benediktiner-kollegium.ch\/wp-content\/uploads\/2025\/11\/20251015_104846-2048x1536.jpg 2048w\" sizes=\"(max-width: 1024px) 100vw, 1024px\" \/>\t\t\t\t\t\t\t\t\t\t\t\t\t\t\t<\/div>\n\t\t\t\t\t<\/div>\n\t\t<\/div>\n\t\t\t\t<div class=\"elementor-column elementor-col-50 elementor-inner-column elementor-element elementor-element-e709588\" data-id=\"e709588\" data-element_type=\"column\" data-e-type=\"column\">\n\t\t\t<div class=\"elementor-widget-wrap elementor-element-populated\">\n\t\t\t\t\t\t<div class=\"elementor-element elementor-element-ab8bfb2 elementor-widget elementor-widget-image\" data-id=\"ab8bfb2\" data-element_type=\"widget\" data-e-type=\"widget\" data-widget_type=\"image.default\">\n\t\t\t\t\t\t\t\t\t\t\t\t\t\t\t<img loading=\"lazy\" decoding=\"async\" width=\"1024\" height=\"768\" src=\"https:\/\/www.benediktiner-kollegium.ch\/wp-content\/uploads\/2025\/11\/20251023_165015-1024x768.jpg\" class=\"attachment-large size-large wp-image-8145\" alt=\"\" srcset=\"https:\/\/www.benediktiner-kollegium.ch\/wp-content\/uploads\/2025\/11\/20251023_165015-1024x768.jpg 1024w, https:\/\/www.benediktiner-kollegium.ch\/wp-content\/uploads\/2025\/11\/20251023_165015-300x225.jpg 300w, https:\/\/www.benediktiner-kollegium.ch\/wp-content\/uploads\/2025\/11\/20251023_165015-768x576.jpg 768w, https:\/\/www.benediktiner-kollegium.ch\/wp-content\/uploads\/2025\/11\/20251023_165015-1536x1152.jpg 1536w, https:\/\/www.benediktiner-kollegium.ch\/wp-content\/uploads\/2025\/11\/20251023_165015-2048x1536.jpg 2048w\" sizes=\"(max-width: 1024px) 100vw, 1024px\" \/>\t\t\t\t\t\t\t\t\t\t\t\t\t\t\t<\/div>\n\t\t\t\t\t<\/div>\n\t\t<\/div>\n\t\t\t\t\t<\/div>\n\t\t<\/section>\n\t\t\t\t<section class=\"elementor-section elementor-inner-section elementor-element elementor-element-cd90600 elementor-section-boxed elementor-section-height-default elementor-section-height-default\" data-id=\"cd90600\" data-element_type=\"section\" data-e-type=\"section\">\n\t\t\t\t\t\t<div class=\"elementor-container elementor-column-gap-default\">\n\t\t\t\t\t<div class=\"elementor-column elementor-col-50 elementor-inner-column elementor-element elementor-element-9bc2033\" data-id=\"9bc2033\" data-element_type=\"column\" data-e-type=\"column\">\n\t\t\t<div class=\"elementor-widget-wrap elementor-element-populated\">\n\t\t\t\t\t\t<div class=\"elementor-element elementor-element-17ad8a8 elementor-widget__width-initial elementor-widget elementor-widget-image\" data-id=\"17ad8a8\" data-element_type=\"widget\" data-e-type=\"widget\" data-widget_type=\"image.default\">\n\t\t\t\t\t\t\t\t\t\t\t\t\t\t\t<img loading=\"lazy\" decoding=\"async\" width=\"1024\" height=\"768\" src=\"https:\/\/www.benediktiner-kollegium.ch\/wp-content\/uploads\/2025\/11\/20251029_133755-1024x768.jpg\" class=\"attachment-large size-large wp-image-8146\" alt=\"\" srcset=\"https:\/\/www.benediktiner-kollegium.ch\/wp-content\/uploads\/2025\/11\/20251029_133755-1024x768.jpg 1024w, https:\/\/www.benediktiner-kollegium.ch\/wp-content\/uploads\/2025\/11\/20251029_133755-300x225.jpg 300w, https:\/\/www.benediktiner-kollegium.ch\/wp-content\/uploads\/2025\/11\/20251029_133755-768x576.jpg 768w, https:\/\/www.benediktiner-kollegium.ch\/wp-content\/uploads\/2025\/11\/20251029_133755-1536x1152.jpg 1536w, https:\/\/www.benediktiner-kollegium.ch\/wp-content\/uploads\/2025\/11\/20251029_133755-2048x1536.jpg 2048w\" sizes=\"(max-width: 1024px) 100vw, 1024px\" \/>\t\t\t\t\t\t\t\t\t\t\t\t\t\t\t<\/div>\n\t\t\t\t\t<\/div>\n\t\t<\/div>\n\t\t\t\t<div class=\"elementor-column elementor-col-50 elementor-inner-column elementor-element elementor-element-64ac95c\" data-id=\"64ac95c\" data-element_type=\"column\" data-e-type=\"column\">\n\t\t\t<div class=\"elementor-widget-wrap elementor-element-populated\">\n\t\t\t\t\t\t<div class=\"elementor-element elementor-element-4242203 elementor-widget elementor-widget-image\" data-id=\"4242203\" data-element_type=\"widget\" data-e-type=\"widget\" data-widget_type=\"image.default\">\n\t\t\t\t\t\t\t\t\t\t\t\t\t\t\t<img loading=\"lazy\" decoding=\"async\" width=\"768\" height=\"1024\" src=\"https:\/\/www.benediktiner-kollegium.ch\/wp-content\/uploads\/2025\/11\/20251007_084217-768x1024.jpg\" class=\"attachment-large size-large wp-image-8143\" alt=\"\" srcset=\"https:\/\/www.benediktiner-kollegium.ch\/wp-content\/uploads\/2025\/11\/20251007_084217-768x1024.jpg 768w, https:\/\/www.benediktiner-kollegium.ch\/wp-content\/uploads\/2025\/11\/20251007_084217-225x300.jpg 225w, https:\/\/www.benediktiner-kollegium.ch\/wp-content\/uploads\/2025\/11\/20251007_084217-1152x1536.jpg 1152w, https:\/\/www.benediktiner-kollegium.ch\/wp-content\/uploads\/2025\/11\/20251007_084217-1536x2048.jpg 1536w, https:\/\/www.benediktiner-kollegium.ch\/wp-content\/uploads\/2025\/11\/20251007_084217-scaled.jpg 1920w\" sizes=\"(max-width: 768px) 100vw, 768px\" \/>\t\t\t\t\t\t\t\t\t\t\t\t\t\t\t<\/div>\n\t\t\t\t\t<\/div>\n\t\t<\/div>\n\t\t\t\t\t<\/div>\n\t\t<\/section>\n\t\t\t\t\t<\/div>\n\t\t<\/div>\n\t\t\t\t\t<\/div>\n\t\t<\/section>\n\t\t\t\t<\/div>\n\t\t","protected":false},"excerpt":{"rendered":"<p>18. &#8211; 25. Juli 2026 Ministrantenlager Boswil 2026 findet das traditionelle Zeltlager der&nbsp; Ministranten aus Boswil vom 18. bis 25. Juli statt. Im Vordergrund stehen Baden, Chillen und Fun. F\u00fcr das leibliche Wohl sorgt erneut die K\u00fcche des Kollegiums. 29. Juni &#8211; 3. Juli 2026 Unterkunft f\u00fcr Fernstudierende der Theologie im Benediktiner-Kollegium Sarnen W\u00e4hrend der [&hellip;]<\/p>\n","protected":false},"author":1,"featured_media":0,"parent":0,"menu_order":0,"comment_status":"closed","ping_status":"closed","template":"","meta":{"site-sidebar-layout":"no-sidebar","site-content-layout":"page-builder","ast-site-content-layout":"full-width-container","site-content-style":"default","site-sidebar-style":"default","ast-global-header-display":"","ast-banner-title-visibility":"","ast-main-header-display":"","ast-hfb-above-header-display":"","ast-hfb-below-header-display":"","ast-hfb-mobile-header-display":"","site-post-title":"","ast-breadcrumbs-content":"","ast-featured-img":"disabled","footer-sml-layout":"","ast-disable-related-posts":"","theme-transparent-header-meta":"","adv-header-id-meta":"","stick-header-meta":"","header-above-stick-meta":"","header-main-stick-meta":"","header-below-stick-meta":"","astra-migrate-meta-layouts":"default","ast-page-background-enabled":"default","ast-page-background-meta":{"desktop":{"background-color":"","background-image":"","background-repeat":"repeat","background-position":"center center","background-size":"auto","background-attachment":"scroll","background-type":"","background-media":"","overlay-type":"","overlay-color":"","overlay-opacity":"","overlay-gradient":""},"tablet":{"background-color":"","background-image":"","background-repeat":"repeat","background-position":"center center","background-size":"auto","background-attachment":"scroll","background-type":"","background-media":"","overlay-type":"","overlay-color":"","overlay-opacity":"","overlay-gradient":""},"mobile":{"background-color":"","background-image":"","background-repeat":"repeat","background-position":"center center","background-size":"auto","background-attachment":"scroll","background-type":"","background-media":"","overlay-type":"","overlay-color":"","overlay-opacity":"","overlay-gradient":""}},"ast-content-background-meta":{"desktop":{"background-color":"var(--ast-global-color-5)","background-image":"","background-repeat":"repeat","background-position":"center center","background-size":"auto","background-attachment":"scroll","background-type":"","background-media":"","overlay-type":"","overlay-color":"","overlay-opacity":"","overlay-gradient":""},"tablet":{"background-color":"var(--ast-global-color-5)","background-image":"","background-repeat":"repeat","background-position":"center center","background-size":"auto","background-attachment":"scroll","background-type":"","background-media":"","overlay-type":"","overlay-color":"","overlay-opacity":"","overlay-gradient":""},"mobile":{"background-color":"var(--ast-global-color-5)","background-image":"","background-repeat":"repeat","background-position":"center center","background-size":"auto","background-attachment":"scroll","background-type":"","background-media":"","overlay-type":"","overlay-color":"","overlay-opacity":"","overlay-gradient":""}},"footnotes":""},"class_list":["post-8372","page","type-page","status-publish","hentry"],"_links":{"self":[{"href":"https:\/\/www.benediktiner-kollegium.ch\/index.php?rest_route=\/wp\/v2\/pages\/8372","targetHints":{"allow":["GET"]}}],"collection":[{"href":"https:\/\/www.benediktiner-kollegium.ch\/index.php?rest_route=\/wp\/v2\/pages"}],"about":[{"href":"https:\/\/www.benediktiner-kollegium.ch\/index.php?rest_route=\/wp\/v2\/types\/page"}],"author":[{"embeddable":true,"href":"https:\/\/www.benediktiner-kollegium.ch\/index.php?rest_route=\/wp\/v2\/users\/1"}],"replies":[{"embeddable":true,"href":"https:\/\/www.benediktiner-kollegium.ch\/index.php?rest_route=%2Fwp%2Fv2%2Fcomments&post=8372"}],"version-history":[{"count":22,"href":"https:\/\/www.benediktiner-kollegium.ch\/index.php?rest_route=\/wp\/v2\/pages\/8372\/revisions"}],"predecessor-version":[{"id":8540,"href":"https:\/\/www.benediktiner-kollegium.ch\/index.php?rest_route=\/wp\/v2\/pages\/8372\/revisions\/8540"}],"wp:attachment":[{"href":"https:\/\/www.benediktiner-kollegium.ch\/index.php?rest_route=%2Fwp%2Fv2%2Fmedia&parent=8372"}],"curies":[{"name":"wp","href":"https:\/\/api.w.org\/{rel}","templated":true}]}}